{"id":347,"date":"2018-09-20T12:38:08","date_gmt":"2018-09-20T15:38:08","guid":{"rendered":"http:\/\/idihcs.fahce.unlp.edu.ar\/pmt\/?page_id=347"},"modified":"2021-04-24T19:06:35","modified_gmt":"2021-04-24T22:06:35","slug":"estructura-y-organizacion","status":"publish","type":"page","link":"https:\/\/idihcs.fahce.unlp.edu.ar\/pmt\/estructura-y-organizacion\/","title":{"rendered":"PMT &#8211; Gobierno y organizaci\u00f3n"},"content":{"rendered":"<p class=\"western\" lang=\"es-MX\">Las\u00a0actividades del Programa Mundos del Trabajo est\u00e1n bajo la responsabilidad del Comit\u00e9 Acad\u00e9mico y la Coordinaci\u00f3n.<\/p>\n<p class=\"western\" lang=\"es-MX\">El Comit\u00e9 Acad\u00e9mico est\u00e1 formado por los\/las Directores\/as de proyectos de investigaci\u00f3n que integran el Programa. El Comit\u00e9 se ocupa de llevar adelante los objetivos propuestos, de difundir y fortalecer la presencia del programa, tanto a nivel nacional como internacional, y de establecer las actividades acad\u00e9micas, cient\u00edficas y administrativas de cada per\u00edodo.<\/p>\n<p class=\"western\" lang=\"es-MX\"><i>Comit\u00e9 Acad\u00e9mico<\/i><\/p>\n<p class=\"western\" lang=\"es-MX\"><span lang=\"pt-BR\">Dr. Rolando \u00c1lvarez (Universidad de Santiago de Chile) <\/span><br \/>\n<span lang=\"pt-BR\">Dra. Marta Regina Cioccari (Universidade Federal Rural do Rio de Janeiro)<\/span><br \/>\nDr. Daniel Dic\u00f3simo (Universidad Nacional del Centro de la Provincia de Buenos Aires)<br \/>\n<span lang=\"pt-BR\">Dr. Paulo Fontes (Universidade Federal do Rio de Janeiro)<br \/>\n<\/span>Dr.\u00a0<a href=\"http:\/\/idihcs.fahce.unlp.edu.ar\/personas\/ghigliani-pablo-esteban\/\" target=\"_blank\" rel=\"noopener\">Pablo Ghigliani<\/a>\u00a0(Universidad Nacional de La Plata)<br \/>\n<span lang=\"pt-BR\">Dr. Jos\u00e9 Sergio Leite Lopes (Universidade Federal do R\u00edo de Janeiro)<br \/>\n<\/span>Dr. Agust\u00edn Nieto (Universidad Nacional de Mar del Plata)<br \/>\nDr. Rodolfo Porrini (Universidad de la Rep\u00fablica)<br \/>\nDra. Silvia Simonassi (Universidad Nacional de Rosario)<br \/>\n<span lang=\"pt-BR\">Dr. Hern\u00e1n Venegas (Universidad de Santiago de Chile)<\/span><\/p>\n<p>La Coordinaci\u00f3n tiene por funci\u00f3n la direcci\u00f3n acad\u00e9mica, cient\u00edfica y administrativa del Programa, la elaboraci\u00f3n del Informe Trienal (que contendr\u00e1 la memoria acad\u00e9mica) y la realizaci\u00f3n del informe financiero correspondiente. La misma se encuentra bajo la responsabilidad del Dr.\u00a0<a href=\"http:\/\/idihcs.fahce.unlp.edu.ar\/personas\/ghigliani-pablo-esteban\/\" target=\"_blank\" rel=\"noopener\">Pablo Ghigliani<\/a>.<\/p>\n","protected":false},"excerpt":{"rendered":"<p>Las\u00a0actividades del Programa Mundos del Trabajo est\u00e1n bajo la responsabilidad del Comit\u00e9 Acad\u00e9mico y la Coordinaci\u00f3n. El Comit\u00e9 Acad\u00e9mico est\u00e1 formado por los\/las Directores\/as de proyectos de investigaci\u00f3n que integran el Programa. El Comit\u00e9 se ocupa de llevar adelante los objetivos propuestos, de difundir y fortalecer la presencia del programa, tanto a nivel nacional como [&hellip;]<\/p>\n","protected":false},"author":2,"featured_media":0,"parent":0,"menu_order":0,"comment_status":"closed","ping_status":"closed","template":"page-ui.php","meta":{"_themeisle_gutenberg_block_has_review":false,"footnotes":""},"class_list":["post-347","page","type-page","status-publish","hentry"],"acf":[],"rttpg_featured_image_url":null,"rttpg_author":{"display_name":"ggchicote","author_link":"https:\/\/idihcs.fahce.unlp.edu.ar\/pmt\/author\/ggchicote\/"},"rttpg_comment":0,"rttpg_category":null,"rttpg_excerpt":"Las\u00a0actividades del Programa Mundos del Trabajo est\u00e1n bajo la responsabilidad del Comit\u00e9 Acad\u00e9mico y la Coordinaci\u00f3n. El Comit\u00e9 Acad\u00e9mico est\u00e1 formado por los\/las Directores\/as de proyectos de investigaci\u00f3n que integran el Programa. El Comit\u00e9 se ocupa de llevar adelante los objetivos propuestos, de difundir y fortalecer la presencia del programa, tanto a nivel nacional como&hellip;","_links":{"self":[{"href":"https:\/\/idihcs.fahce.unlp.edu.ar\/pmt\/wp-json\/wp\/v2\/pages\/347","targetHints":{"allow":["GET"]}}],"collection":[{"href":"https:\/\/idihcs.fahce.unlp.edu.ar\/pmt\/wp-json\/wp\/v2\/pages"}],"about":[{"href":"https:\/\/idihcs.fahce.unlp.edu.ar\/pmt\/wp-json\/wp\/v2\/types\/page"}],"author":[{"embeddable":true,"href":"https:\/\/idihcs.fahce.unlp.edu.ar\/pmt\/wp-json\/wp\/v2\/users\/2"}],"replies":[{"embeddable":true,"href":"https:\/\/idihcs.fahce.unlp.edu.ar\/pmt\/wp-json\/wp\/v2\/comments?post=347"}],"version-history":[{"count":17,"href":"https:\/\/idihcs.fahce.unlp.edu.ar\/pmt\/wp-json\/wp\/v2\/pages\/347\/revisions"}],"predecessor-version":[{"id":820,"href":"https:\/\/idihcs.fahce.unlp.edu.ar\/pmt\/wp-json\/wp\/v2\/pages\/347\/revisions\/820"}],"wp:attachment":[{"href":"https:\/\/idihcs.fahce.unlp.edu.ar\/pmt\/wp-json\/wp\/v2\/media?parent=347"}],"curies":[{"name":"wp","href":"https:\/\/api.w.org\/{rel}","templated":true}]}}