{"id":349,"date":"2018-09-20T12:39:45","date_gmt":"2018-09-20T15:39:45","guid":{"rendered":"http:\/\/idihcs.fahce.unlp.edu.ar\/piemmer\/?page_id=349"},"modified":"2025-04-04T10:19:32","modified_gmt":"2025-04-04T13:19:32","slug":"piemmer-areas","status":"publish","type":"page","link":"https:\/\/idihcs.fahce.unlp.edu.ar\/piemmer\/piemmer-areas\/","title":{"rendered":"PIEMMER &#8211; \u00c1reas"},"content":{"rendered":"<p><strong>Memorias y Movilidades<\/strong><\/p>\n<p>Promueve un conjunto de reflexiones te\u00f3rico\/metodol\u00f3gicas sobre las memorias y las movilidades. Se ocupa de las historias de las subjetividades, sus formas de representaci\u00f3n y elaboraci\u00f3n, los procesos, los usos y sus alcances, a trav\u00e9s de la escucha, la palabra, la escritura, la imagen, la fotograf\u00eda, las marcas territoriales y entre otros diversos soportes de las memorias. Se ocupa de las movilidades internacionales en (y desde) Am\u00e9rica Latina, sus redes y trayectorias. De las din\u00e1micas migratorias; las implicancias de la legislaci\u00f3n; el asociacionismo y la producci\u00f3n de liderazgos \u00e9tnicos; los usos del pasado migratorio, la construcci\u00f3n de memoria \u00e9tnica o (re)invenci\u00f3n de tradiciones culturales.<\/p>\n<p><strong>Exilios<\/strong><\/p>\n<p>Se ocupa de los estudios centrado especialmente en los exilios pol\u00edticos masivos contempor\u00e1neos en la Europa de los fascismos y del Cono Sur de las dictaduras de la Doctrina de Seguridad Nacional. Desarrolla lazos institucionales y las comunicaciones entre distintos investigadores de la regi\u00f3n y de otros continentes que se ocupan de estos temas en otras geograf\u00edas y temporalidades.<\/p>\n<p><strong>Refugios<\/strong><\/p>\n<p>Tiene como objetivo central promover la reflexi\u00f3n e investigaci\u00f3n sobre el refugio, entendido como problem\u00e1tica a lo largo de todo el siglo XX y cuyas consecuencias podemos ver a\u00fan en nuestra vida cotidiana. Se propone reflexionar sobre los cambios producidos en la instituci\u00f3n del refugio, asumiendo el desaf\u00edo de incorporar el enfoque fundado en la defensa de los derechos humanos.<\/p>\n","protected":false},"excerpt":{"rendered":"<p>Memorias y Movilidades Promueve un conjunto de reflexiones te\u00f3rico\/metodol\u00f3gicas sobre las memorias y las movilidades. Se ocupa de las historias de las subjetividades, sus formas de representaci\u00f3n y elaboraci\u00f3n, los procesos, los usos y sus alcances, a trav\u00e9s de la escucha, la palabra, la escritura, la imagen, la fotograf\u00eda, las marcas territoriales y entre otros [&hellip;]<\/p>\n","protected":false},"author":2,"featured_media":0,"parent":0,"menu_order":0,"comment_status":"closed","ping_status":"closed","template":"page-ui.php","meta":{"_themeisle_gutenberg_block_has_review":false,"footnotes":""},"class_list":["post-349","page","type-page","status-publish","hentry"],"acf":[],"rttpg_featured_image_url":null,"rttpg_author":{"display_name":"ggchicote","author_link":"https:\/\/idihcs.fahce.unlp.edu.ar\/piemmer\/author\/ggchicote\/"},"rttpg_comment":0,"rttpg_category":null,"rttpg_excerpt":"Memorias y Movilidades Promueve un conjunto de reflexiones te\u00f3rico\/metodol\u00f3gicas sobre las memorias y las movilidades. Se ocupa de las historias de las subjetividades, sus formas de representaci\u00f3n y elaboraci\u00f3n, los procesos, los usos y sus alcances, a trav\u00e9s de la escucha, la palabra, la escritura, la imagen, la fotograf\u00eda, las marcas territoriales y entre otros&hellip;","_links":{"self":[{"href":"https:\/\/idihcs.fahce.unlp.edu.ar\/piemmer\/wp-json\/wp\/v2\/pages\/349","targetHints":{"allow":["GET"]}}],"collection":[{"href":"https:\/\/idihcs.fahce.unlp.edu.ar\/piemmer\/wp-json\/wp\/v2\/pages"}],"about":[{"href":"https:\/\/idihcs.fahce.unlp.edu.ar\/piemmer\/wp-json\/wp\/v2\/types\/page"}],"author":[{"embeddable":true,"href":"https:\/\/idihcs.fahce.unlp.edu.ar\/piemmer\/wp-json\/wp\/v2\/users\/2"}],"replies":[{"embeddable":true,"href":"https:\/\/idihcs.fahce.unlp.edu.ar\/piemmer\/wp-json\/wp\/v2\/comments?post=349"}],"version-history":[{"count":3,"href":"https:\/\/idihcs.fahce.unlp.edu.ar\/piemmer\/wp-json\/wp\/v2\/pages\/349\/revisions"}],"predecessor-version":[{"id":895,"href":"https:\/\/idihcs.fahce.unlp.edu.ar\/piemmer\/wp-json\/wp\/v2\/pages\/349\/revisions\/895"}],"wp:attachment":[{"href":"https:\/\/idihcs.fahce.unlp.edu.ar\/piemmer\/wp-json\/wp\/v2\/media?parent=349"}],"curies":[{"name":"wp","href":"https:\/\/api.w.org\/{rel}","templated":true}]}}