{"id":347,"date":"2018-09-20T12:38:08","date_gmt":"2018-09-20T15:38:08","guid":{"rendered":"http:\/\/idihcs.fahce.unlp.edu.ar\/piemmer\/?page_id=347"},"modified":"2025-04-04T10:17:45","modified_gmt":"2025-04-04T13:17:45","slug":"estructura-y-organizacion","status":"publish","type":"page","link":"https:\/\/idihcs.fahce.unlp.edu.ar\/piemmer\/estructura-y-organizacion\/","title":{"rendered":"PIEMMER &#8211; Estructura y organizaci\u00f3n"},"content":{"rendered":"<p>El PIEMMER cuenta con un comit\u00e9 acad\u00e9mico que se encarga de llevar adelante los objetivos propuestos de difundir y fortalecer la presencia del programa en la regi\u00f3n y de incorporar nuevas l\u00edneas de an\u00e1lisis o tem\u00e1ticas afines al marco general de las Memorias, Migraciones, Exilios y Refugios cuando se lo considere pertinente. Quienes integran el comit\u00e9 acad\u00e9mico son, en primer lugar, aquellos docentes-investigadores que dan vida al programa, a partir de sus pertenencias a proyectos de investigaci\u00f3n acreditados. El comit\u00e9 acad\u00e9mico est\u00e1 integrado por los siguientes docentes-investigadores:<\/p>\n<p><strong>Comit\u00e9 Acad\u00e9mico<\/strong><\/p>\n<ul>\n<li>Dra. Patricia Flier (IdIHCS-UNLP)<\/li>\n<li>Dra. Carmen Norambuena (USACH)<\/li>\n<li>Dra. Carla Pe\u00f1aloza Palma (Univ. De Chile)<\/li>\n<li>Dra. \u00c9rica Sarmiento da Silva (UNIVERSO\/UERJ)<\/li>\n<li>Mg. Jimena Alonso (FHCE-UDELAR)<\/li>\n<\/ul>\n<p>Adem\u00e1s del comit\u00e9 acad\u00e9mico, este Programa cuenta con la participaci\u00f3n de un comit\u00e9 de asesores internacionales, que tiene como funci\u00f3n asistir y acompa\u00f1ar las actividades que se lleven adelante y asesorar en las cuestiones que sean relevantes. Por su reconocida trayectoria acad\u00e9mica y sus fuertes conexiones acad\u00e9micas con las instituciones que dan vida a este Programa, el comit\u00e9 asesor est\u00e1 conformado por:<\/p>\n<p><strong>Comit\u00e9 Asesor Internacional<\/strong><\/p>\n<ul>\n<li>Dr. Pablo Yankelevich (El Colegio de M\u00e9xico)<\/li>\n<li>Dr. Luis Roniger (Univ. De Maryland)<\/li>\n<li>Dr. Saul Sosnowski (Univ. De Maryland)<\/li>\n<li>Dr. Leonardo Senkman (Universidad Hebrea de Jerusalem)<\/li>\n<li>Dra. Silvia Dutr\u00e9nit (Instituto Mora)<\/li>\n<li>Dr. Enrique Coraza de los Santos (El Colegio de la Frontera Sur)<\/li>\n<li>Dr. Jorge de Hoyos Puente (Centro de Estudios de Migraciones y Exilios, UNED)<\/li>\n<li>Dra. Heloisa Paulo (Universidad de Coimbra)<\/li>\n<li>Bruno Groppo (CNRS)<\/li>\n<li>Enzo Traverso (Universidad de Picard\u00eda Julio Verne y Universidad Cornell)<\/li>\n<li>Alessandro Portelli (Universit\u00e0 di Roma \u201cLa Sapienza)<\/li>\n<li>Josefina Cuesta Bustillo (Universidad de Salamanca)<\/li>\n<\/ul>\n<p>Asimismo, el PIEMMER cuenta con un Equipo T\u00e9cnico Acad\u00e9mico. El mismo tiene como objetivos proponer, promover y coordinar la investigaci\u00f3n, publicaci\u00f3n, comunicaci\u00f3n y difusi\u00f3n del Programa. Propiciando el desarrollo de conocimientos y su divulgaci\u00f3n; la especializaci\u00f3n y el mejoramiento de la pr\u00e1ctica profesional de nuestros investigadores; la actualizaci\u00f3n de los conocimientos en los distintos campos disciplinares; la organizaci\u00f3n de eventos y actividades. Promover la presentaci\u00f3n y publicaci\u00f3n de trabajos de investigaci\u00f3n a nivel nacional, regional e internacional; pensar y promover integralmente las actividades y relaciones acad\u00e9micas y cient\u00edficas interinstitucionales; coordinar y fortalecer la comunicaci\u00f3n organizacional o interna, y la comunicaci\u00f3n externa, dentro del campo acad\u00e9mico y con la sociedad de la que formamos parte.<\/p>\n<p><strong>Equipo T\u00e9cnico Acad\u00e9mico<\/strong><\/p>\n<p><strong>Secretario de Investigaci\u00f3n<\/strong><br \/>Dr. <a href=\"http:\/\/idihcs.fahce.unlp.edu.ar\/piemmer\/nicolas-herrera\/\">Nicol\u00e1s Herrera<\/a><br \/><strong>Colaboradora<\/strong><br \/>Lic. <a href=\"http:\/\/idihcs.fahce.unlp.edu.ar\/piemmer\/mariana-paola-vila\/\">Mariana Vila<\/a><\/p>\n<p><strong>Secretaria de Publicaciones<\/strong><br \/>Dra. <a href=\"http:\/\/idihcs.fahce.unlp.edu.ar\/piemmer\/andrea-raina\/\">Andrea Raina<\/a><\/p>\n<p><strong>Secretaria de Comunicaci\u00f3n y Relaciones Institucionales<\/strong><br \/>Dra. <a href=\"http:\/\/idihcs.fahce.unlp.edu.ar\/piemmer\/melina-jean-jean\/\">Melina Jean Jean<\/a><br \/><strong>Colaboradora<\/strong><br \/>Mg. <a href=\"http:\/\/idihcs.fahce.unlp.edu.ar\/piemmer\/maria-emilia-nieto\/\">Emilia Nieto<\/a><\/p>\n\n\n<p><\/p>\n","protected":false},"excerpt":{"rendered":"<p>El PIEMMER cuenta con un comit\u00e9 acad\u00e9mico que se encarga de llevar adelante los objetivos propuestos de difundir y fortalecer la presencia del programa en la regi\u00f3n y de incorporar nuevas l\u00edneas de an\u00e1lisis o tem\u00e1ticas afines al marco general de las Memorias, Migraciones, Exilios y Refugios cuando se lo considere pertinente. Quienes integran el [&hellip;]<\/p>\n","protected":false},"author":2,"featured_media":0,"parent":0,"menu_order":0,"comment_status":"closed","ping_status":"closed","template":"page-ui.php","meta":{"_themeisle_gutenberg_block_has_review":false,"footnotes":""},"class_list":["post-347","page","type-page","status-publish","hentry"],"acf":[],"rttpg_featured_image_url":null,"rttpg_author":{"display_name":"ggchicote","author_link":"https:\/\/idihcs.fahce.unlp.edu.ar\/piemmer\/author\/ggchicote\/"},"rttpg_comment":0,"rttpg_category":null,"rttpg_excerpt":"El PIEMMER cuenta con un comit\u00e9 acad\u00e9mico que se encarga de llevar adelante los objetivos propuestos de difundir y fortalecer la presencia del programa en la regi\u00f3n y de incorporar nuevas l\u00edneas de an\u00e1lisis o tem\u00e1ticas afines al marco general de las Memorias, Migraciones, Exilios y Refugios cuando se lo considere pertinente. Quienes integran el&hellip;","_links":{"self":[{"href":"https:\/\/idihcs.fahce.unlp.edu.ar\/piemmer\/wp-json\/wp\/v2\/pages\/347","targetHints":{"allow":["GET"]}}],"collection":[{"href":"https:\/\/idihcs.fahce.unlp.edu.ar\/piemmer\/wp-json\/wp\/v2\/pages"}],"about":[{"href":"https:\/\/idihcs.fahce.unlp.edu.ar\/piemmer\/wp-json\/wp\/v2\/types\/page"}],"author":[{"embeddable":true,"href":"https:\/\/idihcs.fahce.unlp.edu.ar\/piemmer\/wp-json\/wp\/v2\/users\/2"}],"replies":[{"embeddable":true,"href":"https:\/\/idihcs.fahce.unlp.edu.ar\/piemmer\/wp-json\/wp\/v2\/comments?post=347"}],"version-history":[{"count":5,"href":"https:\/\/idihcs.fahce.unlp.edu.ar\/piemmer\/wp-json\/wp\/v2\/pages\/347\/revisions"}],"predecessor-version":[{"id":868,"href":"https:\/\/idihcs.fahce.unlp.edu.ar\/piemmer\/wp-json\/wp\/v2\/pages\/347\/revisions\/868"}],"wp:attachment":[{"href":"https:\/\/idihcs.fahce.unlp.edu.ar\/piemmer\/wp-json\/wp\/v2\/media?parent=347"}],"curies":[{"name":"wp","href":"https:\/\/api.w.org\/{rel}","templated":true}]}}