{"id":23,"date":"2018-05-01T16:05:27","date_gmt":"2018-05-01T19:05:27","guid":{"rendered":"http:\/\/163.10.30.48\/~posgrado6\/wordpress\/cinig\/?page_id=23"},"modified":"2025-08-20T11:31:59","modified_gmt":"2025-08-20T14:31:59","slug":"recursos-humanos","status":"publish","type":"page","link":"https:\/\/idihcs.fahce.unlp.edu.ar\/cinig\/recursos-humanos\/","title":{"rendered":"CInIG &#8211; Recursos Humanos"},"content":{"rendered":"\n<div class=\"wp-block-group\"><div class=\"wp-block-group__inner-container is-layout-constrained wp-block-group-is-layout-constrained\">\n<div class=\"wp-block-group\"><div class=\"wp-block-group__inner-container is-layout-constrained wp-block-group-is-layout-constrained\">\n<p><span style=\"font-family: arial, helvetica, sans-serif;font-size: 10pt\"><strong>Investigadorxs UNLP<\/strong><br \/><a href=\"http:\/\/idihcs.fahce.unlp.edu.ar\/personas\/bonatto-adriana-virginia\/\">Bonatto, Adriana Virginia<\/a><\/span> <br \/><span style=\"font-family: arial, helvetica, sans-serif;font-size: 10pt\"><a href=\"http:\/\/idihcs.fahce.unlp.edu.ar\/personas\/campagnoli-mabel-alicia\/\">Campagnoli, Mabel Alicia<\/a><br \/><a href=\"https:\/\/www.memoria.fahce.unlp.edu.ar\/perfiles\/0281CasasS.html\">Casas, Sa\u00fal<\/a><br \/><\/span><span style=\"font-family: arial, helvetica, sans-serif;font-size: 10pt\"><a href=\"http:\/\/www.memoria.fahce.unlp.edu.ar\/perfiles\/0401MartinelliG.html\">de Martinelli, Guillermo<\/a><br \/><a href=\"http:\/\/idihcs.fahce.unlp.edu.ar\/personas\/herrera-maria-marta\/\">Herrera, Mar\u00eda Marta<\/a><br \/><\/span><span style=\"font-family: arial, helvetica, sans-serif;font-size: 10pt\"><a href=\"http:\/\/idihcs.fahce.unlp.edu.ar\/personas\/martinez-ariel\/\">Mart\u00ednez, Ariel<\/a><\/span> <br \/><span style=\"font-family: arial, helvetica, sans-serif;font-size: 10pt\"><a href=\"http:\/\/www.memoria.fahce.unlp.edu.ar\/perfiles\/0864MartinezM.html\">Mart\u00ednez, Mar\u00eda Elena<\/a><\/span><br \/><span style=\"font-family: arial, helvetica, sans-serif;font-size: 10pt\"><a href=\"https:\/\/www.memoria.fahce.unlp.edu.ar\/perfiles\/1030PappierV\">Pappier, Viviana<\/a><\/span><br \/><span style=\"font-family: arial, helvetica, sans-serif;font-size: 10pt\"><a href=\"http:\/\/www.fahce.unlp.edu.ar\/personal\/redondo-patricia\">Redondo, Patricia<\/a><\/span> <br \/><span style=\"font-family: arial, helvetica, sans-serif;font-size: 10pt\"><a href=\"http:\/\/idihcs.fahce.unlp.edu.ar\/personas\/sardi-d-arielli-valeria\/\">Sardi, Valeria<\/a><\/span> <br \/><span style=\"font-family: arial, helvetica, sans-serif;font-size: 10pt\"><a href=\"http:\/\/idihcs.fahce.unlp.edu.ar\/personas\/seoane-viviana-isabel\/\">Seoane, Viviana Isabel<\/a> <br \/><a href=\"http:\/\/idihcs.fahce.unlp.edu.ar\/personas\/soza-rossi-paula\/\">Soza Rossi, Paula<\/a> <\/span><\/p>\n<p><span style=\"font-family: arial, helvetica, sans-serif;font-size: 10pt\"><strong>Investigadorxs CONICET<\/strong><br \/><a href=\"http:\/\/idihcs.fahce.unlp.edu.ar\/personas\/calandria-maria-sol\/\">Calandria, Mar\u00eda Sol<\/a><br \/><\/span><span style=\"font-family: arial, helvetica, sans-serif;font-size: 10pt\"><a href=\"https:\/\/www.conicet.gov.ar\/new_scp\/detalle.php?id=49030&amp;datos_academicos=yes\">Colanzi, Irma<\/a><br \/><a href=\"http:\/\/idihcs.fahce.unlp.edu.ar\/personas\/gorza-anabella\/\">Gorza, Anabella<\/a><br \/><\/span><span style=\"font-family: arial, helvetica, sans-serif;font-size: 10pt\"><a href=\"http:\/\/idihcs.fahce.unlp.edu.ar\/personas\/ledesma-prietto-nadia\/\">Ledesma Prietto, Nadia<\/a><\/span><br \/><span style=\"font-family: arial, helvetica, sans-serif;font-size: 10pt\"><a href=\"https:\/\/www.conicet.gov.ar\/new_scp\/detalle.php?id=56903&amp;keywords=queirolo&amp;datos_academicos=yes\">Queirolo, Graciela Amalia<\/a><\/span><br \/><span style=\"font-family: arial, helvetica, sans-serif;font-size: 10pt\"><a href=\"http:\/\/idihcs.fahce.unlp.edu.ar\/personas\/saxe-facundo-nazareno\/\">Saxe, Facundo Nazareno<br \/><\/a><a href=\"http:\/\/idihcs.fahce.unlp.edu.ar\/personas\/valobra-adriana-maria\/\">Valobra, Adriana Mar\u00eda<\/a><\/span><\/p>\n<p><span style=\"font-family: arial, helvetica, sans-serif;font-size: 10pt\"><strong>Becaries<\/strong><br \/><a href=\"http:\/\/www.memoria.fahce.unlp.edu.ar\/perfiles\/1762AbelS.html\">A<\/a><\/span><span style=\"font-family: arial, helvetica, sans-serif;font-size: 10pt\"><a href=\"http:\/\/www.memoria.fahce.unlp.edu.ar\/perfiles\/1762AbelS.html\">bel, Santiago <\/a><\/span><br \/><span style=\"font-family: arial, helvetica, sans-serif;font-size: 10pt\"><a href=\"https:\/\/www.memoria.fahce.unlp.edu.ar\/perfiles\/2208ArevaloL.html\">Ar\u00e9valo Luciano<\/a><\/span><br \/><span style=\"font-family: arial, helvetica, sans-serif;font-size: 10pt\"><a href=\"https:\/\/www.conicet.gov.ar\/new_scp\/detalle.php?id=61256&amp;datos_academicos=yes&amp;keywords=\">Basilio Fabri, Ailin Zoe<\/a><\/span><br \/><span style=\"font-family: arial, helvetica, sans-serif;font-size: 10pt\"><a href=\"http:\/\/www.fahce.unlp.edu.ar:8081\/Portal\/personal\/carou-ana\">Carou Ana<\/a><\/span><br \/><span style=\"font-family: arial, helvetica, sans-serif;font-size: 10pt\"><a href=\"https:\/\/www.memoria.fahce.unlp.edu.ar\/perfiles\/2082CorralesM\">Corrales, Fabiana<\/a><\/span><br \/><span style=\"font-family: arial, helvetica, sans-serif;font-size: 10pt\"><a href=\"https:\/\/idihcs.fahce.unlp.edu.ar\/personas\/de-santo-magdalena\/\">de Santo, Mag<\/a><\/span><br \/><span style=\"font-family: arial, helvetica, sans-serif;font-size: 10pt\"><a href=\"http:\/\/idihcs.fahce.unlp.edu.ar\/personas\/esquivel-juliana\/\">Esquivel, Juliana<\/a><\/span><br \/><span style=\"font-family: arial, helvetica, sans-serif;font-size: 10pt\"><a href=\"https:\/\/idihcs.fahce.unlp.edu.ar\/personas\/estermann-victoria-lucia\/\">Estermann, Victoria<\/a><\/span><br \/><span style=\"font-family: arial, helvetica, sans-serif;font-size: 10pt\"><a href=\"http:\/\/www.fahce.unlp.edu.ar:8081\/Portal\/personal\/gomariz-tomas\">Gomariz, Tom\u00e1s<\/a><\/span><br \/><span style=\"font-family: arial, helvetica, sans-serif;font-size: 10pt\"><a href=\"https:\/\/www.memoria.fahce.unlp.edu.ar\/perfiles\/1986MaiaruJ.html\">Maiar\u00fa, Julieta<\/a><\/span><br \/><span style=\"font-family: arial, helvetica, sans-serif;font-size: 10pt\"><a href=\"https:\/\/idihcs.fahce.unlp.edu.ar\/personas\/navarro-martinez-eva\/\" target=\"_blank\" rel=\"noopener\">Navarro Mart\u00ednez, Eva<\/a><\/span><span style=\"font-family: arial, helvetica, sans-serif;font-size: 10pt\"><br \/><a href=\"https:\/\/idihcs.fahce.unlp.edu.ar\/personas\/suzzi-guillermo-sebastian\/\" target=\"_blank\" rel=\"noopener\">Suzzi, Guillermo<br \/><\/a><a href=\"https:\/\/www.memoria.fahce.unlp.edu.ar\/perfiles\/1388VeledaJ.html\">Veleda, Juan Ignacio<\/a><\/span><\/p>\n<p><span style=\"font-family: arial, helvetica, sans-serif;font-size: 10pt\"><strong>Becarias post-doctorales<\/strong><br \/><a href=\"http:\/\/www.memoria.fahce.unlp.edu.ar\/perfiles\/1688BollaL.html\">Bolla, Luisina<\/a><\/span><br \/><span style=\"font-family: arial, helvetica, sans-serif;font-size: 10pt\"><a href=\"http:\/\/idihcs.fahce.unlp.edu.ar\/personas\/gomez-molla-rosario\/\">G\u00f3mez Molla, Rosario<\/a><br \/><a href=\"http:\/\/idihcs.fahce.unlp.edu.ar\/personas\/manzoni-gisela-paola\/\">Manzoni, Gisela<\/a><\/span><\/p>\n<p><span style=\"font-family: arial, helvetica, sans-serif;font-size: 10pt\"><strong>Docentes Investigadorxs en formaci\u00f3n UNLP<\/strong><br \/><a href=\"http:\/\/idihcs.fahce.unlp.edu.ar\/personas\/andino-fernando\/\">Andino, Fernando<\/a><br \/><a href=\"http:\/\/www.fahce.unlp.edu.ar\/personal\/barroso-esteban-nicolas\">Barroso, Esteban<\/a><\/span><span style=\"font-family: arial, helvetica, sans-serif;font-size: 10pt\"><br \/><a href=\"https:\/\/idihcs.fahce.unlp.edu.ar\/personas\/dappello-maria-victoria\/\" target=\"_blank\" rel=\"noopener\">Dappello, Victoria<\/a><br \/><a href=\"https:\/\/idihcs.fahce.unlp.edu.ar\/personas\/dragone-martin\/\" target=\"_blank\" rel=\"noopener\">Dragone, Martin<\/a><\/span><span style=\"font-family: arial, helvetica, sans-serif;font-size: 10pt\"><br \/><a href=\"https:\/\/www.memoria.fahce.unlp.edu.ar\/perfiles\/2121LambogliaS\">Lamboglia, Santiago<\/a><br \/><\/span><span style=\"font-family: arial, helvetica, sans-serif;font-size: 10pt\"><a href=\"http:\/\/www.fahce.unlp.edu.ar\/personal\/longobucco-hernan-jose\">Longobucco, Hern\u00e1n<br \/><\/a><a href=\"https:\/\/www.memoria.fahce.unlp.edu.ar\/perfiles\/2046MaidanaC.html\">Maidana Clara<\/a><\/span><span style=\"font-family: arial, helvetica, sans-serif;font-size: 10pt\"><br \/><a href=\"https:\/\/www.memoria.fahce.unlp.edu.ar\/perfiles\/2075FernandezC\"><span data-sheets-root=\"1\" data-sheets-value=\"{&quot;1&quot;:2,&quot;2&quot;:&quot;MARTINEZ Cintia Fern\u00e1ndez &quot;}\" data-sheets-userformat=\"{&quot;2&quot;:14399,&quot;3&quot;:{&quot;1&quot;:0,&quot;3&quot;:1},&quot;4&quot;:{&quot;1&quot;:2,&quot;2&quot;:16777215},&quot;5&quot;:{&quot;1&quot;:[{&quot;1&quot;:2,&quot;2&quot;:0,&quot;5&quot;:{&quot;1&quot;:2,&quot;2&quot;:0}},{&quot;1&quot;:0,&quot;2&quot;:0,&quot;3&quot;:3},{&quot;1&quot;:1,&quot;2&quot;:0,&quot;4&quot;:1}]},&quot;6&quot;:{&quot;1&quot;:[{&quot;1&quot;:2,&quot;2&quot;:0,&quot;5&quot;:{&quot;1&quot;:2,&quot;2&quot;:0}},{&quot;1&quot;:0,&quot;2&quot;:0,&quot;3&quot;:3},{&quot;1&quot;:1,&quot;2&quot;:0,&quot;4&quot;:1}]},&quot;7&quot;:{&quot;1&quot;:[{&quot;1&quot;:2,&quot;2&quot;:0,&quot;5&quot;:{&quot;1&quot;:2,&quot;2&quot;:0}},{&quot;1&quot;:0,&quot;2&quot;:0,&quot;3&quot;:3},{&quot;1&quot;:1,&quot;2&quot;:0,&quot;4&quot;:1}]},&quot;8&quot;:{&quot;1&quot;:[{&quot;1&quot;:2,&quot;2&quot;:0,&quot;5&quot;:{&quot;1&quot;:2,&quot;2&quot;:0}},{&quot;1&quot;:0,&quot;2&quot;:0,&quot;3&quot;:3},{&quot;1&quot;:1,&quot;2&quot;:0,&quot;4&quot;:1}]},&quot;14&quot;:{&quot;1&quot;:3,&quot;3&quot;:1},&quot;15&quot;:&quot;Helvetica Neue&quot;,&quot;16&quot;:10}\">Mart\u00ednez, Cintia Fern\u00e1ndez<\/span><\/a><br \/><\/span><span style=\"font-family: arial, helvetica, sans-serif;font-size: 10pt\"><a href=\"https:\/\/www.memoria.fahce.unlp.edu.ar\/perfiles\/0324CobenasP.html\">Pilar Corbe\u00f1as<\/a><br \/><a href=\"https:\/\/www.memoria.fahce.unlp.edu.ar\/perfiles\/2187ProvenzanoP.html\">Provenzano, Paula<\/a><br \/><a href=\"https:\/\/www.memoria.fahce.unlp.edu.ar\/perfiles\/2080QuirogaA.html\">Quiroga, Ariadna<\/a><br \/><a href=\"https:\/\/www.memoria.fahce.unlp.edu.ar\/perfiles\/1713RosenzweigE\">Rosenzweig Esteban<\/a><br \/><\/span><span style=\"font-family: arial, helvetica, sans-serif;font-size: 10pt\"><a href=\"http:\/\/idihcs.fahce.unlp.edu.ar\/personas\/severino-moira\/\">Severino, Moira<\/a><br \/><a href=\"https:\/\/idihcs.fahce.unlp.edu.ar\/personas\/szeinfeld-luciana\/\" target=\"_blank\" rel=\"noopener\">Szeinfeld, Luciana<\/a><\/span><\/p>\n<\/div><\/div>\n<\/div><\/div>\n\n\n\n<p><\/p>\n\n\n\n<p><\/p>\n","protected":false},"excerpt":{"rendered":"<p>Investigadorxs UNLPBonatto, Adriana Virginia Campagnoli, Mabel AliciaCasas, Sa\u00falde Martinelli, GuillermoHerrera, Mar\u00eda MartaMart\u00ednez, Ariel Mart\u00ednez, Mar\u00eda ElenaPappier, VivianaRedondo, Patricia Sardi, Valeria Seoane, Viviana Isabel Soza Rossi, Paula Investigadorxs CONICETCalandria, Mar\u00eda SolColanzi, IrmaGorza, AnabellaLedesma Prietto, NadiaQueirolo, Graciela AmaliaSaxe, Facundo NazarenoValobra, Adriana Mar\u00eda BecariesAbel, Santiago Ar\u00e9valo LucianoBasilio Fabri, Ailin ZoeCarou AnaCorrales, Fabianade Santo, MagEsquivel, JulianaEstermann, VictoriaGomariz, Tom\u00e1sMaiar\u00fa, JulietaNavarro [&hellip;]<\/p>\n","protected":false},"author":2,"featured_media":207,"parent":0,"menu_order":0,"comment_status":"closed","ping_status":"closed","template":"page-ui.php","meta":{"_themeisle_gutenberg_block_has_review":false,"footnotes":""},"class_list":["post-23","page","type-page","status-publish","has-post-thumbnail","hentry"],"acf":[],"rttpg_featured_image_url":{"full":["https:\/\/idihcs.fahce.unlp.edu.ar\/cinig\/wp-content\/uploads\/sites\/16\/2018\/07\/banner-cinig.jpg",2900,338,false],"landscape":["https:\/\/idihcs.fahce.unlp.edu.ar\/cinig\/wp-content\/uploads\/sites\/16\/2018\/07\/banner-cinig.jpg",2900,338,false],"portraits":["https:\/\/idihcs.fahce.unlp.edu.ar\/cinig\/wp-content\/uploads\/sites\/16\/2018\/07\/banner-cinig.jpg",2900,338,false],"thumbnail":["https:\/\/idihcs.fahce.unlp.edu.ar\/cinig\/wp-content\/uploads\/sites\/16\/2018\/07\/banner-cinig-150x150.jpg",150,150,true],"medium":["https:\/\/idihcs.fahce.unlp.edu.ar\/cinig\/wp-content\/uploads\/sites\/16\/2018\/07\/banner-cinig-300x35.jpg",300,35,true],"large":["https:\/\/idihcs.fahce.unlp.edu.ar\/cinig\/wp-content\/uploads\/sites\/16\/2018\/07\/banner-cinig-1024x119.jpg",696,81,true],"1536x1536":["https:\/\/idihcs.fahce.unlp.edu.ar\/cinig\/wp-content\/uploads\/sites\/16\/2018\/07\/banner-cinig.jpg",1536,179,false],"2048x2048":["https:\/\/idihcs.fahce.unlp.edu.ar\/cinig\/wp-content\/uploads\/sites\/16\/2018\/07\/banner-cinig.jpg",2048,239,false],"td_80x60":["https:\/\/idihcs.fahce.unlp.edu.ar\/cinig\/wp-content\/uploads\/sites\/16\/2018\/07\/banner-cinig-80x60.jpg",80,60,true],"td_100x70":["https:\/\/idihcs.fahce.unlp.edu.ar\/cinig\/wp-content\/uploads\/sites\/16\/2018\/07\/banner-cinig-100x70.jpg",100,70,true],"td_218x150":["https:\/\/idihcs.fahce.unlp.edu.ar\/cinig\/wp-content\/uploads\/sites\/16\/2018\/07\/banner-cinig-218x150.jpg",218,150,true],"td_265x198":["https:\/\/idihcs.fahce.unlp.edu.ar\/cinig\/wp-content\/uploads\/sites\/16\/2018\/07\/banner-cinig-265x198.jpg",265,198,true],"td_324x160":["https:\/\/idihcs.fahce.unlp.edu.ar\/cinig\/wp-content\/uploads\/sites\/16\/2018\/07\/banner-cinig-324x160.jpg",324,160,true],"td_324x235":["https:\/\/idihcs.fahce.unlp.edu.ar\/cinig\/wp-content\/uploads\/sites\/16\/2018\/07\/banner-cinig-324x235.jpg",324,235,true],"td_324x400":["https:\/\/idihcs.fahce.unlp.edu.ar\/cinig\/wp-content\/uploads\/sites\/16\/2018\/07\/banner-cinig-324x338.jpg",324,338,true],"td_356x220":["https:\/\/idihcs.fahce.unlp.edu.ar\/cinig\/wp-content\/uploads\/sites\/16\/2018\/07\/banner-cinig-356x220.jpg",356,220,true],"td_356x364":["https:\/\/idihcs.fahce.unlp.edu.ar\/cinig\/wp-content\/uploads\/sites\/16\/2018\/07\/banner-cinig-356x338.jpg",356,338,true],"td_485x360":["https:\/\/idihcs.fahce.unlp.edu.ar\/cinig\/wp-content\/uploads\/sites\/16\/2018\/07\/banner-cinig-485x338.jpg",485,338,true],"td_533x261":["https:\/\/idihcs.fahce.unlp.edu.ar\/cinig\/wp-content\/uploads\/sites\/16\/2018\/07\/banner-cinig-533x261.jpg",533,261,true],"td_534x462":["https:\/\/idihcs.fahce.unlp.edu.ar\/cinig\/wp-content\/uploads\/sites\/16\/2018\/07\/banner-cinig-534x338.jpg",534,338,true],"td_696x0":["https:\/\/idihcs.fahce.unlp.edu.ar\/cinig\/wp-content\/uploads\/sites\/16\/2018\/07\/banner-cinig-696x81.jpg",696,81,true],"td_696x385":["https:\/\/idihcs.fahce.unlp.edu.ar\/cinig\/wp-content\/uploads\/sites\/16\/2018\/07\/banner-cinig-696x338.jpg",696,338,true],"td_741x486":["https:\/\/idihcs.fahce.unlp.edu.ar\/cinig\/wp-content\/uploads\/sites\/16\/2018\/07\/banner-cinig-741x338.jpg",741,338,true],"td_1068x580":["https:\/\/idihcs.fahce.unlp.edu.ar\/cinig\/wp-content\/uploads\/sites\/16\/2018\/07\/banner-cinig-1068x338.jpg",1068,338,true],"td_1068x0":["https:\/\/idihcs.fahce.unlp.edu.ar\/cinig\/wp-content\/uploads\/sites\/16\/2018\/07\/banner-cinig-1068x124.jpg",1068,124,true],"td_0x420":["https:\/\/idihcs.fahce.unlp.edu.ar\/cinig\/wp-content\/uploads\/sites\/16\/2018\/07\/banner-cinig.jpg",2900,338,false],"td_1920x0":["https:\/\/idihcs.fahce.unlp.edu.ar\/cinig\/wp-content\/uploads\/sites\/16\/2018\/07\/banner-cinig-1920x224.jpg",1920,224,true],"rt_custom":["https:\/\/idihcs.fahce.unlp.edu.ar\/cinig\/wp-content\/uploads\/sites\/16\/2018\/07\/banner-cinig.jpg",2900,338,false]},"rttpg_author":{"display_name":"ggchicote","author_link":"https:\/\/idihcs.fahce.unlp.edu.ar\/cinig\/author\/ggchicote\/"},"rttpg_comment":0,"rttpg_category":null,"rttpg_excerpt":"Investigadorxs UNLPBonatto, Adriana Virginia Campagnoli, Mabel AliciaCasas, Sa\u00falde Martinelli, GuillermoHerrera, Mar\u00eda MartaMart\u00ednez, Ariel Mart\u00ednez, Mar\u00eda ElenaPappier, VivianaRedondo, Patricia Sardi, Valeria Seoane, Viviana Isabel Soza Rossi, Paula Investigadorxs CONICETCalandria, Mar\u00eda SolColanzi, IrmaGorza, AnabellaLedesma Prietto, NadiaQueirolo, Graciela AmaliaSaxe, Facundo NazarenoValobra, Adriana Mar\u00eda BecariesAbel, Santiago Ar\u00e9valo LucianoBasilio Fabri, Ailin ZoeCarou AnaCorrales, Fabianade Santo, MagEsquivel, JulianaEstermann, VictoriaGomariz, Tom\u00e1sMaiar\u00fa, JulietaNavarro&hellip;","_links":{"self":[{"href":"https:\/\/idihcs.fahce.unlp.edu.ar\/cinig\/wp-json\/wp\/v2\/pages\/23","targetHints":{"allow":["GET"]}}],"collection":[{"href":"https:\/\/idihcs.fahce.unlp.edu.ar\/cinig\/wp-json\/wp\/v2\/pages"}],"about":[{"href":"https:\/\/idihcs.fahce.unlp.edu.ar\/cinig\/wp-json\/wp\/v2\/types\/page"}],"author":[{"embeddable":true,"href":"https:\/\/idihcs.fahce.unlp.edu.ar\/cinig\/wp-json\/wp\/v2\/users\/2"}],"replies":[{"embeddable":true,"href":"https:\/\/idihcs.fahce.unlp.edu.ar\/cinig\/wp-json\/wp\/v2\/comments?post=23"}],"version-history":[{"count":104,"href":"https:\/\/idihcs.fahce.unlp.edu.ar\/cinig\/wp-json\/wp\/v2\/pages\/23\/revisions"}],"predecessor-version":[{"id":2652,"href":"https:\/\/idihcs.fahce.unlp.edu.ar\/cinig\/wp-json\/wp\/v2\/pages\/23\/revisions\/2652"}],"wp:featuredmedia":[{"embeddable":true,"href":"https:\/\/idihcs.fahce.unlp.edu.ar\/cinig\/wp-json\/wp\/v2\/media\/207"}],"wp:attachment":[{"href":"https:\/\/idihcs.fahce.unlp.edu.ar\/cinig\/wp-json\/wp\/v2\/media?parent=23"}],"curies":[{"name":"wp","href":"https:\/\/api.w.org\/{rel}","templated":true}]}}