{"id":900,"date":"2022-08-17T11:13:43","date_gmt":"2022-08-17T14:13:43","guid":{"rendered":"https:\/\/idihcs.fahce.unlp.edu.ar\/ceil\/?page_id=900"},"modified":"2025-05-19T12:46:16","modified_gmt":"2025-05-19T15:46:16","slug":"glice-grupo-lenguas-indigenas-y-cotidiano-escolar","status":"publish","type":"page","link":"https:\/\/idihcs.fahce.unlp.edu.ar\/ceil\/glice-grupo-lenguas-indigenas-y-cotidiano-escolar\/","title":{"rendered":"GLICE: Grupo \u201cLenguas ind\u00edgenas y cotidiano escolar&#8221;"},"content":{"rendered":"\n<p><strong>Coordinador<\/strong><\/p>\n\n\n\n<p><a href=\"https:\/\/idihcs.fahce.unlp.edu.ar\/integrante_idihcs\/dubin-mariano-2\/\">Mariano Dubin<\/a><\/p>\n\n\n\n<p><br><strong>Integrantes<\/strong><\/p>\n\n\n\n<p>Carmen Lezcano, Daniel Rojas Delgado, <a href=\"https:\/\/idihcs.fahce.unlp.edu.ar\/integrante_idihcs\/recchia-paez-juan-2\/\">Juan Recchia Paez<\/a>, Valeria Castro, Lara Potente, Facundo Binda, Lila Scotti, Ver\u00f3nica G\u00f3mez, Iliana Franco, Mario Castells, Mar\u00eda Laura Dest\u00e9fanis.<\/p>\n\n\n\n<p><\/p>\n\n\n\n<p><strong>Descripci\u00f3n<\/strong><\/p>\n\n\n\n<p>El presente grupo de trabajo re\u00fane a docentes y alumnos de la Facultad de Humanidades y Ciencias de la Educaci\u00f3n (UNLP) y posee como objetivo principal avanzar en el estudio de la presencia de las lenguas ind\u00edgenas en las escuelas primarias y secundarias del sistema educativo de la Provincia de Buenos Aires as\u00ed como repensar una serie de problemas de ense\u00f1anza. A partir de este objetivo se propone avanzar en dos tareas, a se\u00f1alar: 1) Desarrollar el armado de una red de las distintas instituciones, grupos, colectivos, docentes, especialistas, artistas que participan en el estudio y ense\u00f1anza de lenguas ind\u00edgenas; y 2) La sistematizaci\u00f3n de bibliograf\u00eda espec\u00edfica sobre la diversidad cultural y ling\u00fc\u00edstica en Argentina. Para avanzar sobre estos objetivos generales hemos recortado como tema de investigaci\u00f3n el estudio de la lengua guaran\u00ed y su presencia en el cotidiano escolar \u2013en particular la variedad llamada&nbsp;<em>jopara<\/em>&nbsp;o&nbsp;<em>guaran\u00ed criollo<\/em>-. No obstante, hemos contemplado, asimismo, en el estudio de otras lenguas \u2013el quechua y el aymara\u2013 as\u00ed como el relevo de las distintas comunidades ind\u00edgenas de la zona, en particular, de la ciudad de La Plata (qom, mocov\u00ed, mapuche, aymara, quechua, entre otras).<\/p>\n","protected":false},"excerpt":{"rendered":"<p>Coordinador Mariano Dubin Integrantes Carmen Lezcano, Daniel Rojas Delgado, Juan Recchia Paez, Valeria Castro, Lara Potente, Facundo Binda, Lila Scotti, Ver\u00f3nica G\u00f3mez, Iliana Franco, Mario Castells, Mar\u00eda Laura Dest\u00e9fanis. Descripci\u00f3n El presente grupo de trabajo re\u00fane a docentes y alumnos de la Facultad de Humanidades y Ciencias de la Educaci\u00f3n (UNLP) y posee como objetivo [&hellip;]<\/p>\n","protected":false},"author":14,"featured_media":0,"parent":0,"menu_order":0,"comment_status":"closed","ping_status":"closed","template":"page-ui.php","meta":{"_themeisle_gutenberg_block_has_review":false,"footnotes":""},"class_list":["post-900","page","type-page","status-publish","hentry"],"acf":[],"rttpg_featured_image_url":null,"rttpg_author":{"display_name":"ceil","author_link":"https:\/\/idihcs.fahce.unlp.edu.ar\/ceil\/author\/ceil\/"},"rttpg_comment":0,"rttpg_category":null,"rttpg_excerpt":"Coordinador Mariano Dubin Integrantes Carmen Lezcano, Daniel Rojas Delgado, Juan Recchia Paez, Valeria Castro, Lara Potente, Facundo Binda, Lila Scotti, Ver\u00f3nica G\u00f3mez, Iliana Franco, Mario Castells, Mar\u00eda Laura Dest\u00e9fanis. Descripci\u00f3n El presente grupo de trabajo re\u00fane a docentes y alumnos de la Facultad de Humanidades y Ciencias de la Educaci\u00f3n (UNLP) y posee como objetivo&hellip;","_links":{"self":[{"href":"https:\/\/idihcs.fahce.unlp.edu.ar\/ceil\/wp-json\/wp\/v2\/pages\/900","targetHints":{"allow":["GET"]}}],"collection":[{"href":"https:\/\/idihcs.fahce.unlp.edu.ar\/ceil\/wp-json\/wp\/v2\/pages"}],"about":[{"href":"https:\/\/idihcs.fahce.unlp.edu.ar\/ceil\/wp-json\/wp\/v2\/types\/page"}],"author":[{"embeddable":true,"href":"https:\/\/idihcs.fahce.unlp.edu.ar\/ceil\/wp-json\/wp\/v2\/users\/14"}],"replies":[{"embeddable":true,"href":"https:\/\/idihcs.fahce.unlp.edu.ar\/ceil\/wp-json\/wp\/v2\/comments?post=900"}],"version-history":[{"count":4,"href":"https:\/\/idihcs.fahce.unlp.edu.ar\/ceil\/wp-json\/wp\/v2\/pages\/900\/revisions"}],"predecessor-version":[{"id":1534,"href":"https:\/\/idihcs.fahce.unlp.edu.ar\/ceil\/wp-json\/wp\/v2\/pages\/900\/revisions\/1534"}],"wp:attachment":[{"href":"https:\/\/idihcs.fahce.unlp.edu.ar\/ceil\/wp-json\/wp\/v2\/media?parent=900"}],"curies":[{"name":"wp","href":"https:\/\/api.w.org\/{rel}","templated":true}]}}