{"id":1450,"date":"2025-04-21T01:41:10","date_gmt":"2025-04-21T04:41:10","guid":{"rendered":"https:\/\/idihcs.fahce.unlp.edu.ar\/ceil\/?page_id=1450"},"modified":"2026-04-25T19:24:44","modified_gmt":"2026-04-25T22:24:44","slug":"numero-actual","status":"publish","type":"page","link":"https:\/\/idihcs.fahce.unlp.edu.ar\/ceil\/numero-actual\/","title":{"rendered":"N\u00famero actual"},"content":{"rendered":"\n<h1 class=\"wp-block-heading\" id=\"h-sumario\">Sumario<\/h1>\n\n\n\n<p><strong><em>El Toldo de Astier. Propuestas y estudios sobre ense\u00f1anza de la lengua y la literatura<\/em>. A\u00f1o 17, Nro. 32, abril de 2026. ISSN 1853-3124<\/strong><\/p>\n\n\n\n<h3 class=\"wp-block-heading\">&nbsp;<\/h3>\n\n\n\n<p class=\"has-text-align-center has-large-font-size\">Editorial<\/p>\n\n\n\n<h2 class=\"wp-block-heading has-medium-font-size\" id=\"h-\"><\/h2>\n\n\n\n<p>Bienvenidos y bienvenidas a un nuevo n\u00famero de <em>El toldo de Astier. Propuestas y estudios sobre ense\u00f1anza de la lengua y la literatura<\/em>. La imagen del toldo nos acompa\u00f1a desde el inicio como s\u00edmbolo de resguardo, un espacio donde confluyen tanto las experiencias escolares como aquellas que las trascienden. Se convierte as\u00ed en met\u00e1fora de la escuela y de quienes la habitamos, en una reuni\u00f3n constante de elementos diversos que encuentran su lugar en este denominador com\u00fan. Quienes estamos detr\u00e1s de la realizaci\u00f3n de la revista somos docentes y hacemos este trabajo como parte de nuestras dedicaciones, proyectos de investigaci\u00f3n, extensi\u00f3n, formaci\u00f3n de recursos humanos. Tambi\u00e9n porque nos gusta mucho, hay que decirlo, encontrarnos con otras y otros colegas de nuestro territorio y los pa\u00edses vecinos, quienes nos comparten sus modos de asumir la ense\u00f1anza, sus intereses y preocupaciones, situados en coordenadas espec\u00edficas. Son voces que buscamos escuchar con respeto, para darles un espacio que visibilice a los verdaderos protagonistas de la acci\u00f3n educativa: las y los docentes, coraz\u00f3n de la historia escolar nacional.<\/p>\n\n\n\n<p>En este sentido, el Toldo de Astier se asienta en un marco particular que es la Universidad Nacional de La Plata hacia los espacios educativos que logramos alcanzar. El Toldo no es posible sin pensar la escuela ni la educaci\u00f3n p\u00fablica y, como tal, forma parte de un colectivo que enfrenta embates directos contra su sostenimiento. Hoy atravesamos un momento cr\u00edtico para la educaci\u00f3n p\u00fablica, especialmente la universitaria, de la cual surge esta revista. La causa principal es el incumplimiento de una ley fundamental: la Ley de Financiamiento Universitario (27.795). Esta ley se ocupa de asegurar los fondos que llegan a todas las universidades nacionales para salarios, becas, investigaci\u00f3n y mantenimiento de los edificios, sin tener que depender de partidas discrecionales del Poder Ejecutivo. Tras marchas federales multitudinarias y diversas acciones de protesta y visibilizaci\u00f3n, las y los trabajadores conseguimos la aprobaci\u00f3n de dicha ley en septiembre de 2025 en el Poder Legislativo. Sin embargo, fue vetada por el Poder Ejecutivo. Gracias a la persistencia en la lucha y la presencia en las calles, en noviembre del mismo a\u00f1o, el Congreso rechaz\u00f3 el veto presidencial, reafirmando la defensa de la educaci\u00f3n p\u00fablica y universitaria. En este momento nos encontramos a la espera de su aplicaci\u00f3n inminente, tras una nueva ratificaci\u00f3n del Poder Judicial.<\/p>\n\n\n\n<p>En este contexto de pol\u00edticas de ajuste, la escuela y sus trabajadores resisten y siguen bregando por mejorar las condiciones laborales, por una educaci\u00f3n que sea cada vez m\u00e1s incluyente, participativa, integral, con convicci\u00f3n y creatividad. Aqu\u00ed podremos leer algunos de los tantos casos y ejemplos para la ense\u00f1anza de la lengua y la literatura en escenarios escolares diversos que tienen la potencia del hacer diario, del d\u00eda a d\u00eda recorrido con compromiso y la esperanza de un futuro mejor.<\/p>\n\n\n\n<p>En este n\u00famero publican Julia Albarrac\u00edn; Bruno Lisandro Sarisjulis; Maia C. Toplisek;Melanie Cipollone; Roc\u00edo Isabel Montes; Azul Riquelme Salinas; Marianela Alegre; Eugenia Arana; Mar\u00eda Paula Bianchi y Karen Micaela Santander; Laura Casasola; Malena Garavaglia; Manuela L\u00f3pez Corral.<\/p>\n\n\n\n<p>Bienvenidas y bienvenidos al trig\u00e9simo segundo n\u00famero de <em>El toldo de Astier. Propuestas y estudios sobre ense\u00f1anza de la lengua y la literatura<\/em>.<\/p>\n\n\n\n<p>Firma Mariana Provenzano<\/p>\n\n\n\n<p><\/p>\n\n\n\n<h2 class=\"wp-block-heading\">Sumario<\/h2>\n\n\n\n<h3 class=\"wp-block-heading\">La gambeta did\u00e1ctica. Propuestas de ense\u00f1anza<\/h3>\n\n\n\n<p><a><\/a><a href=\"https:\/\/drive.google.com\/file\/d\/1Bu0cc42jy7lEqexaUJMWJL22ix6bJFlr\/view?usp=sharing\">Representaciones y discursos, el l\u00edmite del fracaso<\/a> por Julia Albarrac\u00edn (p. 2-13)<\/p>\n\n\n\n<p><a href=\"https:\/\/drive.google.com\/file\/d\/1ZP5Jj2ZrnRYTvzN2S1eITQSMBq98lEcc\/view?usp=drive_link\">Consideraciones sobre el trabajo con literatura grecolatina en las aulas de nivel secundario<\/a> por Bruno Lisandro Sarisjulis (p. 14-21)<\/p>\n\n\n\n<p><a href=\"https:\/\/drive.google.com\/file\/d\/15CklGmGa4oKGM8HrbXdyD0RIrrWbrP-G\/view?usp=drive_link\">A veces quieren que arregles el mundo en dos horas de clase: una reflexi\u00f3n situada sobre la Educaci\u00f3n Sexual Integral<\/a> por Maia C. Toplisek (p. 22-33)<\/p>\n\n\n\n<p><\/p>\n\n\n\n<h3 class=\"wp-block-heading\">La lengua desbordada.&nbsp;<\/h3>\n\n\n\n<h3 class=\"wp-block-heading\">Ense\u00f1anza de la lengua y la literatura en contextos diversos&nbsp;<\/h3>\n\n\n\n<p><a href=\"https:\/\/drive.google.com\/file\/d\/1RTicqtuwnjVIs2A43KaHhyFxEjrtrecV\/view?usp=drive_link\">Canon cl\u00e1sico VS. Literatura contempor\u00e1nea: perspectivas de la violencia y el maltrato dentro de la literatura y la Ley de Educaci\u00f3n Sexual Integral<\/a> por Melanie Cipollone (p. 34-43)<\/p>\n\n\n\n<p><a href=\"https:\/\/drive.google.com\/file\/d\/1Ego0ht_2NTq1Bma-1QMU8j0QUnOCPbFF\/view?usp=drive_link\">Pensar la clase de ingl\u00e9s desde una perspectiva intercultural en clave decolonial<\/a> por Roc\u00edo Isabel Montes (p. 44-65)<\/p>\n\n\n\n<p><a href=\"https:\/\/drive.google.com\/file\/d\/1loD1AI1jmBgNHMvSKWn2F3Brbrx0gFFI\/view?usp=drive_link\">Una aproximaci\u00f3n a los estudios culturales: Mariana Enriquez, las cosas que se encuentran en la literatura y no se pierden en el fuego<\/a> por Azul Riquelme Salinas (p. 66-74)<\/p>\n\n\n\n<p><\/p>\n\n\n\n<h3 class=\"wp-block-heading\">Botellas al mar. Miscel\u00e1neas<\/h3>\n\n\n\n<p><a href=\"https:\/\/drive.google.com\/file\/d\/1t8noXvD3wM2Uic5zhh1-bJUKXuffC6GP\/view?usp=drive_link\">La trenza infinita<\/a> por Marianela Alegre (p. 75-87)<\/p>\n\n\n\n<p><\/p>\n\n\n\n<h3 class=\"wp-block-heading\">Maquinaciones. Art\u00edculos<\/h3>\n\n\n\n<p><a href=\"https:\/\/drive.google.com\/file\/d\/1Wj5oAWCBlbmPoC3uGhpfOLN12HAaC0MD\/view?usp=drive_link\">Ense\u00f1ar a escribir desde los g\u00e9neros discursivos: el lugar de las consignas en la pr\u00e1ctica docente<\/a> por Eugenia Arana (p. 88-100)<\/p>\n\n\n\n<p><a href=\"https:\/\/drive.google.com\/file\/d\/1qmJfCRpyOy-VSewIx3OKVit7YDAYNDbX\/view?usp=drive_link\">Stefano y Elisa, la rosa inesperada: una lectura en clave de libros de borde<\/a> por Mar\u00eda Paula Bianchi y Karen Micaela Santander (p. 101-110)<\/p>\n\n\n\n<p><a href=\"https:\/\/drive.google.com\/file\/d\/13AQqHBPmxdsQHizkbjKFFjEvzIl0spEw\/view?usp=drive_link\">Escritura creativa en la Escuela Secundaria: G\u00e9nesis y evoluci\u00f3n de una pr\u00e1ctica trans-formadora<\/a> por Laura Casasola (p. 111-122)<\/p>\n\n\n\n<p><a href=\"https:\/\/drive.google.com\/file\/d\/1qYqZmMpbw4IrbjQEnk2pfD112Zye7KhJ\/view?usp=drive_link\">La alfabetizaci\u00f3n, una cuesti\u00f3n de ayuda<\/a> por Malena Garavaglia (p. 123-134)<\/p>\n\n\n\n<h3 class=\"wp-block-heading\">Almac\u00e9n de libros. Rese\u00f1as cr\u00edticas<\/h3>\n\n\n\n<p><a href=\"https:\/\/drive.google.com\/file\/d\/15TIp3Th4l3s9TKlGzRo_RDBPgG56wGjE\/view?usp=drive_link\">Videojuegos y ense\u00f1anza de la literatura: claves para pensar relaciones en el aula<\/a> por Manuela L\u00f3pez Corral (p. 135-140)<\/p>\n","protected":false},"excerpt":{"rendered":"<p>Sumario El Toldo de Astier. Propuestas y estudios sobre ense\u00f1anza de la lengua y la literatura. A\u00f1o 17, Nro. 32, abril de 2026. ISSN 1853-3124 &nbsp; Editorial Bienvenidos y bienvenidas a un nuevo n\u00famero de El toldo de Astier. Propuestas y estudios sobre ense\u00f1anza de la lengua y la literatura. La imagen del toldo nos [&hellip;]<\/p>\n","protected":false},"author":48,"featured_media":0,"parent":0,"menu_order":0,"comment_status":"closed","ping_status":"closed","template":"page-ui.php","meta":{"_themeisle_gutenberg_block_has_review":false,"footnotes":""},"class_list":["post-1450","page","type-page","status-publish","hentry"],"acf":[],"rttpg_featured_image_url":null,"rttpg_author":{"display_name":"toldo_astier","author_link":"https:\/\/idihcs.fahce.unlp.edu.ar\/ceil\/author\/toldo_astier\/"},"rttpg_comment":0,"rttpg_category":null,"rttpg_excerpt":"Sumario El Toldo de Astier. Propuestas y estudios sobre ense\u00f1anza de la lengua y la literatura. A\u00f1o 17, Nro. 32, abril de 2026. ISSN 1853-3124 &nbsp; Editorial Bienvenidos y bienvenidas a un nuevo n\u00famero de El toldo de Astier. Propuestas y estudios sobre ense\u00f1anza de la lengua y la literatura. La imagen del toldo nos&hellip;","_links":{"self":[{"href":"https:\/\/idihcs.fahce.unlp.edu.ar\/ceil\/wp-json\/wp\/v2\/pages\/1450","targetHints":{"allow":["GET"]}}],"collection":[{"href":"https:\/\/idihcs.fahce.unlp.edu.ar\/ceil\/wp-json\/wp\/v2\/pages"}],"about":[{"href":"https:\/\/idihcs.fahce.unlp.edu.ar\/ceil\/wp-json\/wp\/v2\/types\/page"}],"author":[{"embeddable":true,"href":"https:\/\/idihcs.fahce.unlp.edu.ar\/ceil\/wp-json\/wp\/v2\/users\/48"}],"replies":[{"embeddable":true,"href":"https:\/\/idihcs.fahce.unlp.edu.ar\/ceil\/wp-json\/wp\/v2\/comments?post=1450"}],"version-history":[{"count":6,"href":"https:\/\/idihcs.fahce.unlp.edu.ar\/ceil\/wp-json\/wp\/v2\/pages\/1450\/revisions"}],"predecessor-version":[{"id":1670,"href":"https:\/\/idihcs.fahce.unlp.edu.ar\/ceil\/wp-json\/wp\/v2\/pages\/1450\/revisions\/1670"}],"wp:attachment":[{"href":"https:\/\/idihcs.fahce.unlp.edu.ar\/ceil\/wp-json\/wp\/v2\/media?parent=1450"}],"curies":[{"name":"wp","href":"https:\/\/api.w.org\/{rel}","templated":true}]}}