{"id":145,"date":"2018-06-19T12:52:52","date_gmt":"2018-06-19T15:52:52","guid":{"rendered":"http:\/\/163.10.30.48\/~posgrado6\/wordpress\/ceil\/?page_id=145"},"modified":"2026-02-09T15:12:43","modified_gmt":"2026-02-09T18:12:43","slug":"publicaciones","status":"publish","type":"page","link":"https:\/\/idihcs.fahce.unlp.edu.ar\/ceil\/publicaciones\/","title":{"rendered":"CEIL &#8211; Publicaciones cient\u00edficas"},"content":{"rendered":"<p><strong>Serie Discutir el lenguaje<br \/><\/strong><\/p>\n<p>Direcci\u00f3n de la colecci\u00f3n:<strong>\u00a0<\/strong>Angelita Mart\u00ednez y Adriana Speranza<\/p>\n<p>Un objeto de caracter\u00edsticas tan complejas como el lenguaje suscita planteos encontrados. \u00bfEs el lenguaje una herramienta comunicativa? \u00bfEs una facultad de la mente? \u00bfCu\u00e1l es su rol en las interacciones sociales del hombre? \u00bfQu\u00e9 aspectos del mismo han de ser tenidos en cuenta para el dise\u00f1o de pol\u00edticas ling\u00fc\u00edsticas? \u00bfC\u00f3mo abordar la relaci\u00f3n entre lenguaje y educaci\u00f3n?<\/p>\n<p>Cada una de estas inquietudes supone posicionamientos te\u00f3ricos que responden a objetivos muy diferentes. El prop\u00f3sito de esta colecci\u00f3n es el abordaje de esas m\u00faltiples perspectivas posibles para promover el debate, la revisi\u00f3n de conceptos y la difusi\u00f3n de investigaciones y propuestas en los distintos campos de la disciplina.<\/p>\n<p><strong><a class=\"external-link\" title=\"\" href=\"http:\/\/www.libros.fahce.unlp.edu.ar\/index.php\/libros\/catalog\/series\/del\" target=\"_blank\" rel=\"noopener\">Acceso al cat\u00e1logo completo<\/a><\/strong><\/p>\n<div id='gallery-1' class='gallery galleryid-145 gallery-columns-3 gallery-size-thumbnail'><figure class='gallery-item'>\n\t\t\t<div class='gallery-icon portrait'>\n\t\t\t\t<a href='https:\/\/idihcs.fahce.unlp.edu.ar\/ceil\/wp-content\/uploads\/sites\/8\/2018\/09\/cover1.jpg'><img loading=\"lazy\" decoding=\"async\" width=\"150\" height=\"150\" src=\"https:\/\/idihcs.fahce.unlp.edu.ar\/ceil\/wp-content\/uploads\/sites\/8\/2018\/09\/cover1-150x150.jpg\" class=\"attachment-thumbnail size-thumbnail\" alt=\"\" \/><\/a>\n\t\t\t<\/div><\/figure><figure class='gallery-item'>\n\t\t\t<div class='gallery-icon portrait'>\n\t\t\t\t<a href='https:\/\/idihcs.fahce.unlp.edu.ar\/ceil\/wp-content\/uploads\/sites\/8\/2018\/09\/cover2.jpg'><img loading=\"lazy\" decoding=\"async\" width=\"150\" height=\"150\" src=\"https:\/\/idihcs.fahce.unlp.edu.ar\/ceil\/wp-content\/uploads\/sites\/8\/2018\/09\/cover2-150x150.jpg\" class=\"attachment-thumbnail size-thumbnail\" alt=\"\" \/><\/a>\n\t\t\t<\/div><\/figure><figure class='gallery-item'>\n\t\t\t<div class='gallery-icon portrait'>\n\t\t\t\t<a href='https:\/\/idihcs.fahce.unlp.edu.ar\/ceil\/wp-content\/uploads\/sites\/8\/2018\/09\/cover3.jpg'><img loading=\"lazy\" decoding=\"async\" width=\"150\" height=\"150\" src=\"https:\/\/idihcs.fahce.unlp.edu.ar\/ceil\/wp-content\/uploads\/sites\/8\/2018\/09\/cover3-150x150.jpg\" class=\"attachment-thumbnail size-thumbnail\" alt=\"\" \/><\/a>\n\t\t\t<\/div><\/figure><figure class='gallery-item'>\n\t\t\t<div class='gallery-icon portrait'>\n\t\t\t\t<a href='https:\/\/idihcs.fahce.unlp.edu.ar\/ceil\/wp-content\/uploads\/sites\/8\/2020\/07\/cover.png'><img loading=\"lazy\" decoding=\"async\" width=\"150\" height=\"150\" src=\"https:\/\/idihcs.fahce.unlp.edu.ar\/ceil\/wp-content\/uploads\/sites\/8\/2020\/07\/cover-150x150.png\" class=\"attachment-thumbnail size-thumbnail\" alt=\"\" \/><\/a>\n\t\t\t<\/div><\/figure><figure class='gallery-item'>\n\t\t\t<div class='gallery-icon portrait'>\n\t\t\t\t<a href='https:\/\/idihcs.fahce.unlp.edu.ar\/ceil\/wp-content\/uploads\/sites\/8\/2026\/02\/thumbnail-1.jpg'><img loading=\"lazy\" decoding=\"async\" width=\"150\" height=\"150\" src=\"https:\/\/idihcs.fahce.unlp.edu.ar\/ceil\/wp-content\/uploads\/sites\/8\/2026\/02\/thumbnail-1-150x150.jpg\" class=\"attachment-thumbnail size-thumbnail\" alt=\"\" \/><\/a>\n\t\t\t<\/div><\/figure><figure class='gallery-item'>\n\t\t\t<div class='gallery-icon portrait'>\n\t\t\t\t<a href='https:\/\/idihcs.fahce.unlp.edu.ar\/ceil\/wp-content\/uploads\/sites\/8\/2026\/02\/cover.jpg'><img loading=\"lazy\" decoding=\"async\" width=\"150\" height=\"150\" src=\"https:\/\/idihcs.fahce.unlp.edu.ar\/ceil\/wp-content\/uploads\/sites\/8\/2026\/02\/cover-150x150.jpg\" class=\"attachment-thumbnail size-thumbnail\" alt=\"\" \/><\/a>\n\t\t\t<\/div><\/figure><figure class='gallery-item'>\n\t\t\t<div class='gallery-icon portrait'>\n\t\t\t\t<a href='https:\/\/idihcs.fahce.unlp.edu.ar\/ceil\/wp-content\/uploads\/sites\/8\/2026\/02\/thumbnail.jpg'><img loading=\"lazy\" decoding=\"async\" width=\"150\" height=\"150\" src=\"https:\/\/idihcs.fahce.unlp.edu.ar\/ceil\/wp-content\/uploads\/sites\/8\/2026\/02\/thumbnail-150x150.jpg\" class=\"attachment-thumbnail size-thumbnail\" alt=\"\" \/><\/a>\n\t\t\t<\/div><\/figure>\n\t\t<\/div>\n\n<p><strong>Actas de congresos y jornadas<br \/><\/strong><b><\/b><\/p>\n<p><b><span class=\"link-external\"><a href=\"http:\/\/jornadasfilologiaylinguistica.fahce.unlp.edu.ar\/v-jornadas\" target=\"_blank\" rel=\"noopener\">Congreso de la Delegaci\u00f3n Argentina de la ALFAL y V Jornadas Internacionales de Investigaci\u00f3n en Filolog\u00eda Hisp\u00e1nica<\/a><\/span>: &#8220;Identidades din\u00e1micas. Variaci\u00f3n y cambio en el espa\u00f1ol de Am\u00e9rica&#8221; (2012)<\/b><\/p>\n<p><strong><a href=\"http:\/\/jornadasensenanzadelalengua.fahce.unlp.edu.ar\/i-jornada-2017\/actas\">I Jornada de Ense\u00f1anza de la Lengua<\/a><\/strong> (2017)<\/p>\n<ul>\n<li><strong>Divulgaci\u00f3n cient\u00edfica<\/strong><\/li>\n<\/ul>\n<p>La serie Lenguagraf\u00edas es una colecci\u00f3n de infograf\u00edas producidas por los investigadores del centro de estudios con el fin de divulgar sus temas de investigaci\u00f3n. Se pueden descargar en formato JPG desde este sitio y PDF desde el repositorio institucional <a href=\"http:\/\/www.memoria.fahce.unlp.edu.ar\/memoria\">Memoria Acad\u00e9mica<\/a>.<\/p>\n<p><strong>Lenguagraf\u00edas 1: Variaci\u00f3n ling\u00fc\u00edstica<\/strong> (Autor: Lucas Gagliardi)<\/p>\n<p><a href=\"http:\/\/idihcs.fahce.unlp.edu.ar\/ceil\/wp-content\/uploads\/sites\/8\/2020\/09\/Infograf%C3%ADa-1-2.jpg\">Descargar en JPG<\/a> | <a href=\"http:\/\/www.memoria.fahce.unlp.edu.ar\/libros\/pm.1744\/pm.1744.pdf\">Descargar en PDF<\/a><\/p>\n<p><strong>Lenguagraf\u00edas 2: Ling\u00fc\u00edstica y migraci\u00f3n<\/strong>\u00a0(Autora: Dolores \u00c1lvarez Garriga)<\/p>\n<p><a href=\"http:\/\/idihcs.fahce.unlp.edu.ar\/ceil\/wp-content\/uploads\/sites\/8\/2020\/09\/Infograf%C3%ADa-2.jpg\">Descargar en JPG<\/a> | <a href=\"http:\/\/www.memoria.fahce.unlp.edu.ar\/libros\/pm.1745\/pm.1745.pdf\">Descargar en PDF<\/a><\/p>\n<p><strong>Lenguagraf\u00edas 3: Expansi\u00f3n del significado en ingl\u00e9s: &#8220;run&#8221;<\/strong>\u00a0(Autor: Jos\u00e9 Mar\u00eda Oliver)<\/p>\n<p><a href=\"http:\/\/idihcs.fahce.unlp.edu.ar\/ceil\/wp-content\/uploads\/sites\/8\/2020\/09\/Infograf%C3%ADa-3.jpg\">Descargar en JPG<\/a> | <a href=\"http:\/\/www.memoria.fahce.unlp.edu.ar\/libros\/pm.1746\/pm.1746.pdf\">Descargar en PDF<\/a><\/p>\n<p><strong>Lenguagraf\u00edas 4: Reflexi\u00f3n y activaci\u00f3n en la ense\u00f1anza-aprendizaje de lengua<\/strong>\u00a0(Autora: Rosana Pascual)<\/p>\n<p><a href=\"http:\/\/idihcs.fahce.unlp.edu.ar\/ceil\/wp-content\/uploads\/sites\/8\/2020\/09\/Infograf%C3%ADa-4.jpg\">Descargar en JPG<\/a> | <a href=\"http:\/\/www.memoria.fahce.unlp.edu.ar\/libros\/pm.1747\/pm.1747.pdf\">Descargar en PDF<\/a><\/p>\n<p><strong>Lenguagraf\u00edas 5: Recategorizaci\u00f3n de relativos\u00a0<\/strong>(Autores: Daniel Romero y Rosana Pascual)<\/p>\n<p><a href=\"http:\/\/idihcs.fahce.unlp.edu.ar\/ceil\/wp-content\/uploads\/sites\/8\/2020\/09\/Infograf\u00eda-5a.jpg\">Descargar en JPG<\/a> | <a href=\"http:\/\/www.memoria.fahce.unlp.edu.ar\/libros\/pm.1748\/pm.1748.pdf\">Descargar en PDF<\/a><\/p>\n<p><strong>Lenguagraf\u00edas 6: Interculturalidad, ling\u00fc\u00edstica y educaci\u00f3n<\/strong>\u00a0(Autora: Adriana Speranza)<\/p>\n<p><a href=\"http:\/\/idihcs.fahce.unlp.edu.ar\/ceil\/wp-content\/uploads\/sites\/8\/2020\/09\/Infograf%C3%ADa-6.jpg\">Descargar en JPG<\/a> | <a href=\"http:\/\/www.memoria.fahce.unlp.edu.ar\/libros\/pm.1749\/pm.1749.pdf\">Descargar en PDF<\/a><\/p>\n<p><strong>Lenguagraf\u00edas 7: Decolonizar el curr\u00edculum de formaci\u00f3n del Profesorado en Ingl\u00e9s<\/strong>\u00a0(Autora: Graciela Baum)<\/p>\n<p><a href=\"http:\/\/idihcs.fahce.unlp.edu.ar\/ceil\/wp-content\/uploads\/sites\/8\/2021\/10\/Infograf\u00eda-7-1.jpg\">Descargar en JPG<\/a> | <a href=\"http:\/\/idihcs.fahce.unlp.edu.ar\/ceil\/wp-content\/uploads\/sites\/8\/2021\/10\/Infograf\u00eda-7.pdf\">Descargar en PDF<\/a><\/p>\n<p><strong>Lenguagraf\u00edas 8:\u00a0Activaci\u00f3n\/reflexi\u00f3n en la ense\u00f1anza\/aprendizaje de L2.<\/strong>\u00a0(Autora: Jos\u00e9 Mar\u00eda Oliver)<\/p>\n<p><a href=\"http:\/\/idihcs.fahce.unlp.edu.ar\/ceil\/wp-content\/uploads\/sites\/8\/2021\/12\/Infografia-8.png\">Descargar en JPG<\/a> | <a href=\"https:\/\/www.memoria.fahce.unlp.edu.ar\/libros\/pm.4848\/pm.4848.pdf\">Descargar en PDF<\/a><\/p>\n<div id='gallery-2' class='gallery galleryid-145 gallery-columns-3 gallery-size-thumbnail'><figure class='gallery-item'>\n\t\t\t<div class='gallery-icon landscape'>\n\t\t\t\t<a href='https:\/\/idihcs.fahce.unlp.edu.ar\/ceil\/wp-content\/uploads\/sites\/8\/2020\/09\/Infograf\u00eda-1-2.jpg'><img loading=\"lazy\" decoding=\"async\" width=\"150\" height=\"150\" src=\"https:\/\/idihcs.fahce.unlp.edu.ar\/ceil\/wp-content\/uploads\/sites\/8\/2020\/09\/Infograf\u00eda-1-2-150x150.jpg\" class=\"attachment-thumbnail size-thumbnail\" alt=\"\" aria-describedby=\"gallery-2-543\" \/><\/a>\n\t\t\t<\/div>\n\t\t\t\t<figcaption class='wp-caption-text gallery-caption' id='gallery-2-543'>\n\t\t\t\tColecci\u00f3n Lenguagraf\u00edas (CEIL-IdIHCS)\n\t\t\t\t<\/figcaption><\/figure><figure class='gallery-item'>\n\t\t\t<div class='gallery-icon landscape'>\n\t\t\t\t<a href='https:\/\/idihcs.fahce.unlp.edu.ar\/ceil\/wp-content\/uploads\/sites\/8\/2020\/09\/Infograf\u00eda-2.jpg'><img loading=\"lazy\" decoding=\"async\" width=\"150\" height=\"150\" src=\"https:\/\/idihcs.fahce.unlp.edu.ar\/ceil\/wp-content\/uploads\/sites\/8\/2020\/09\/Infograf\u00eda-2-150x150.jpg\" class=\"attachment-thumbnail size-thumbnail\" alt=\"\" aria-describedby=\"gallery-2-544\" \/><\/a>\n\t\t\t<\/div>\n\t\t\t\t<figcaption class='wp-caption-text gallery-caption' id='gallery-2-544'>\n\t\t\t\tColecci\u00f3n Lenguagraf\u00edas (CEIL-IdIHCS)\n\t\t\t\t<\/figcaption><\/figure><figure class='gallery-item'>\n\t\t\t<div class='gallery-icon portrait'>\n\t\t\t\t<a href='https:\/\/idihcs.fahce.unlp.edu.ar\/ceil\/wp-content\/uploads\/sites\/8\/2020\/09\/Infograf\u00eda-3.jpg'><img loading=\"lazy\" decoding=\"async\" width=\"150\" height=\"150\" src=\"https:\/\/idihcs.fahce.unlp.edu.ar\/ceil\/wp-content\/uploads\/sites\/8\/2020\/09\/Infograf\u00eda-3-150x150.jpg\" class=\"attachment-thumbnail size-thumbnail\" alt=\"\" \/><\/a>\n\t\t\t<\/div><\/figure><figure class='gallery-item'>\n\t\t\t<div class='gallery-icon landscape'>\n\t\t\t\t<a href='https:\/\/idihcs.fahce.unlp.edu.ar\/ceil\/wp-content\/uploads\/sites\/8\/2020\/09\/Infograf\u00eda-4.jpg'><img loading=\"lazy\" decoding=\"async\" width=\"150\" height=\"150\" src=\"https:\/\/idihcs.fahce.unlp.edu.ar\/ceil\/wp-content\/uploads\/sites\/8\/2020\/09\/Infograf\u00eda-4-150x150.jpg\" class=\"attachment-thumbnail size-thumbnail\" alt=\"\" aria-describedby=\"gallery-2-538\" \/><\/a>\n\t\t\t<\/div>\n\t\t\t\t<figcaption class='wp-caption-text gallery-caption' id='gallery-2-538'>\n\t\t\t\tColecci\u00f3n Lenguagraf\u00edas (CEIL-IdIHCS)\n\t\t\t\t<\/figcaption><\/figure><figure class='gallery-item'>\n\t\t\t<div class='gallery-icon portrait'>\n\t\t\t\t<a href='https:\/\/idihcs.fahce.unlp.edu.ar\/ceil\/wp-content\/uploads\/sites\/8\/2020\/09\/Infograf\u00eda-5a.jpg'><img loading=\"lazy\" decoding=\"async\" width=\"150\" height=\"150\" src=\"https:\/\/idihcs.fahce.unlp.edu.ar\/ceil\/wp-content\/uploads\/sites\/8\/2020\/09\/Infograf\u00eda-5a-150x150.jpg\" class=\"attachment-thumbnail size-thumbnail\" alt=\"\" aria-describedby=\"gallery-2-539\" \/><\/a>\n\t\t\t<\/div>\n\t\t\t\t<figcaption class='wp-caption-text gallery-caption' id='gallery-2-539'>\n\t\t\t\tColecci\u00f3n Lenguagraf\u00edas (CEIL-IdIHCS)\n\t\t\t\t<\/figcaption><\/figure><figure class='gallery-item'>\n\t\t\t<div class='gallery-icon landscape'>\n\t\t\t\t<a href='https:\/\/idihcs.fahce.unlp.edu.ar\/ceil\/wp-content\/uploads\/sites\/8\/2020\/09\/Infograf\u00eda-6.jpg'><img loading=\"lazy\" decoding=\"async\" width=\"150\" height=\"150\" src=\"https:\/\/idihcs.fahce.unlp.edu.ar\/ceil\/wp-content\/uploads\/sites\/8\/2020\/09\/Infograf\u00eda-6-150x150.jpg\" class=\"attachment-thumbnail size-thumbnail\" alt=\"\" aria-describedby=\"gallery-2-540\" \/><\/a>\n\t\t\t<\/div>\n\t\t\t\t<figcaption class='wp-caption-text gallery-caption' id='gallery-2-540'>\n\t\t\t\tColecci\u00f3n Lenguagraf\u00edas (CEIL-IdIHCS)\n\t\t\t\t<\/figcaption><\/figure><figure class='gallery-item'>\n\t\t\t<div class='gallery-icon landscape'>\n\t\t\t\t<a href='https:\/\/idihcs.fahce.unlp.edu.ar\/ceil\/wp-content\/uploads\/sites\/8\/2021\/10\/Infograf\u00eda-7-1.jpg'><img loading=\"lazy\" decoding=\"async\" width=\"150\" height=\"150\" src=\"https:\/\/idihcs.fahce.unlp.edu.ar\/ceil\/wp-content\/uploads\/sites\/8\/2021\/10\/Infograf\u00eda-7-1-150x150.jpg\" class=\"attachment-thumbnail size-thumbnail\" alt=\"\" \/><\/a>\n\t\t\t<\/div><\/figure><figure class='gallery-item'>\n\t\t\t<div class='gallery-icon portrait'>\n\t\t\t\t<a href='https:\/\/idihcs.fahce.unlp.edu.ar\/ceil\/wp-content\/uploads\/sites\/8\/2021\/12\/Infografia-8.png'><img loading=\"lazy\" decoding=\"async\" width=\"150\" height=\"150\" src=\"https:\/\/idihcs.fahce.unlp.edu.ar\/ceil\/wp-content\/uploads\/sites\/8\/2021\/12\/Infografia-8-150x150.png\" class=\"attachment-thumbnail size-thumbnail\" alt=\"\" \/><\/a>\n\t\t\t<\/div><\/figure>\n\t\t<\/div>\n\n\n\n<p><\/p>\n","protected":false},"excerpt":{"rendered":"<p>Serie Discutir el lenguaje Direcci\u00f3n de la colecci\u00f3n:\u00a0Angelita Mart\u00ednez y Adriana Speranza Un objeto de caracter\u00edsticas tan complejas como el lenguaje suscita planteos encontrados. \u00bfEs el lenguaje una herramienta comunicativa? \u00bfEs una facultad de la mente? \u00bfCu\u00e1l es su rol en las interacciones sociales del hombre? \u00bfQu\u00e9 aspectos del mismo han de ser tenidos en [&hellip;]<\/p>\n","protected":false},"author":2,"featured_media":209,"parent":0,"menu_order":0,"comment_status":"closed","ping_status":"closed","template":"page-ui.php","meta":{"_themeisle_gutenberg_block_has_review":false,"footnotes":""},"class_list":["post-145","page","type-page","status-publish","has-post-thumbnail","hentry"],"acf":[],"rttpg_featured_image_url":{"full":["https:\/\/idihcs.fahce.unlp.edu.ar\/ceil\/wp-content\/uploads\/sites\/8\/2018\/06\/banner-ceil.jpg",696,81,false],"landscape":["https:\/\/idihcs.fahce.unlp.edu.ar\/ceil\/wp-content\/uploads\/sites\/8\/2018\/06\/banner-ceil.jpg",696,81,false],"portraits":["https:\/\/idihcs.fahce.unlp.edu.ar\/ceil\/wp-content\/uploads\/sites\/8\/2018\/06\/banner-ceil.jpg",696,81,false],"thumbnail":["https:\/\/idihcs.fahce.unlp.edu.ar\/ceil\/wp-content\/uploads\/sites\/8\/2018\/06\/banner-ceil-150x81.jpg",150,81,true],"medium":["https:\/\/idihcs.fahce.unlp.edu.ar\/ceil\/wp-content\/uploads\/sites\/8\/2018\/06\/banner-ceil-300x35.jpg",300,35,true],"large":["https:\/\/idihcs.fahce.unlp.edu.ar\/ceil\/wp-content\/uploads\/sites\/8\/2018\/06\/banner-ceil.jpg",696,81,false],"1536x1536":["https:\/\/idihcs.fahce.unlp.edu.ar\/ceil\/wp-content\/uploads\/sites\/8\/2018\/06\/banner-ceil.jpg",696,81,false],"2048x2048":["https:\/\/idihcs.fahce.unlp.edu.ar\/ceil\/wp-content\/uploads\/sites\/8\/2018\/06\/banner-ceil.jpg",696,81,false],"td_80x60":["https:\/\/idihcs.fahce.unlp.edu.ar\/ceil\/wp-content\/uploads\/sites\/8\/2018\/06\/banner-ceil-80x60.jpg",80,60,true],"td_100x70":["https:\/\/idihcs.fahce.unlp.edu.ar\/ceil\/wp-content\/uploads\/sites\/8\/2018\/06\/banner-ceil-100x70.jpg",100,70,true],"td_218x150":["https:\/\/idihcs.fahce.unlp.edu.ar\/ceil\/wp-content\/uploads\/sites\/8\/2018\/06\/banner-ceil-218x81.jpg",218,81,true],"td_265x198":["https:\/\/idihcs.fahce.unlp.edu.ar\/ceil\/wp-content\/uploads\/sites\/8\/2018\/06\/banner-ceil-265x81.jpg",265,81,true],"td_324x160":["https:\/\/idihcs.fahce.unlp.edu.ar\/ceil\/wp-content\/uploads\/sites\/8\/2018\/06\/banner-ceil-324x81.jpg",324,81,true],"td_324x235":["https:\/\/idihcs.fahce.unlp.edu.ar\/ceil\/wp-content\/uploads\/sites\/8\/2018\/06\/banner-ceil-324x81.jpg",324,81,true],"td_324x400":["https:\/\/idihcs.fahce.unlp.edu.ar\/ceil\/wp-content\/uploads\/sites\/8\/2018\/06\/banner-ceil-324x81.jpg",324,81,true],"td_356x220":["https:\/\/idihcs.fahce.unlp.edu.ar\/ceil\/wp-content\/uploads\/sites\/8\/2018\/06\/banner-ceil-356x81.jpg",356,81,true],"td_356x364":["https:\/\/idihcs.fahce.unlp.edu.ar\/ceil\/wp-content\/uploads\/sites\/8\/2018\/06\/banner-ceil-356x81.jpg",356,81,true],"td_485x360":["https:\/\/idihcs.fahce.unlp.edu.ar\/ceil\/wp-content\/uploads\/sites\/8\/2018\/06\/banner-ceil-485x81.jpg",485,81,true],"td_533x261":["https:\/\/idihcs.fahce.unlp.edu.ar\/ceil\/wp-content\/uploads\/sites\/8\/2018\/06\/banner-ceil-533x81.jpg",533,81,true],"td_534x462":["https:\/\/idihcs.fahce.unlp.edu.ar\/ceil\/wp-content\/uploads\/sites\/8\/2018\/06\/banner-ceil-534x81.jpg",534,81,true],"td_696x0":["https:\/\/idihcs.fahce.unlp.edu.ar\/ceil\/wp-content\/uploads\/sites\/8\/2018\/06\/banner-ceil-696x81.jpg",696,81,true],"td_696x385":["https:\/\/idihcs.fahce.unlp.edu.ar\/ceil\/wp-content\/uploads\/sites\/8\/2018\/06\/banner-ceil-696x81.jpg",696,81,true],"td_741x486":["https:\/\/idihcs.fahce.unlp.edu.ar\/ceil\/wp-content\/uploads\/sites\/8\/2018\/06\/banner-ceil.jpg",696,81,false],"td_1068x580":["https:\/\/idihcs.fahce.unlp.edu.ar\/ceil\/wp-content\/uploads\/sites\/8\/2018\/06\/banner-ceil.jpg",696,81,false],"td_1068x0":["https:\/\/idihcs.fahce.unlp.edu.ar\/ceil\/wp-content\/uploads\/sites\/8\/2018\/06\/banner-ceil.jpg",696,81,false],"td_0x420":["https:\/\/idihcs.fahce.unlp.edu.ar\/ceil\/wp-content\/uploads\/sites\/8\/2018\/06\/banner-ceil.jpg",696,81,false],"td_1920x0":["https:\/\/idihcs.fahce.unlp.edu.ar\/ceil\/wp-content\/uploads\/sites\/8\/2018\/06\/banner-ceil.jpg",696,81,false],"rt_custom":["https:\/\/idihcs.fahce.unlp.edu.ar\/ceil\/wp-content\/uploads\/sites\/8\/2018\/06\/banner-ceil.jpg",696,81,false]},"rttpg_author":{"display_name":"ggchicote","author_link":"https:\/\/idihcs.fahce.unlp.edu.ar\/ceil\/author\/ggchicote\/"},"rttpg_comment":0,"rttpg_category":null,"rttpg_excerpt":"Serie Discutir el lenguaje Direcci\u00f3n de la colecci\u00f3n:\u00a0Angelita Mart\u00ednez y Adriana Speranza Un objeto de caracter\u00edsticas tan complejas como el lenguaje suscita planteos encontrados. \u00bfEs el lenguaje una herramienta comunicativa? \u00bfEs una facultad de la mente? \u00bfCu\u00e1l es su rol en las interacciones sociales del hombre? \u00bfQu\u00e9 aspectos del mismo han de ser tenidos en&hellip;","_links":{"self":[{"href":"https:\/\/idihcs.fahce.unlp.edu.ar\/ceil\/wp-json\/wp\/v2\/pages\/145","targetHints":{"allow":["GET"]}}],"collection":[{"href":"https:\/\/idihcs.fahce.unlp.edu.ar\/ceil\/wp-json\/wp\/v2\/pages"}],"about":[{"href":"https:\/\/idihcs.fahce.unlp.edu.ar\/ceil\/wp-json\/wp\/v2\/types\/page"}],"author":[{"embeddable":true,"href":"https:\/\/idihcs.fahce.unlp.edu.ar\/ceil\/wp-json\/wp\/v2\/users\/2"}],"replies":[{"embeddable":true,"href":"https:\/\/idihcs.fahce.unlp.edu.ar\/ceil\/wp-json\/wp\/v2\/comments?post=145"}],"version-history":[{"count":17,"href":"https:\/\/idihcs.fahce.unlp.edu.ar\/ceil\/wp-json\/wp\/v2\/pages\/145\/revisions"}],"predecessor-version":[{"id":1664,"href":"https:\/\/idihcs.fahce.unlp.edu.ar\/ceil\/wp-json\/wp\/v2\/pages\/145\/revisions\/1664"}],"wp:featuredmedia":[{"embeddable":true,"href":"https:\/\/idihcs.fahce.unlp.edu.ar\/ceil\/wp-json\/wp\/v2\/media\/209"}],"wp:attachment":[{"href":"https:\/\/idihcs.fahce.unlp.edu.ar\/ceil\/wp-json\/wp\/v2\/media?parent=145"}],"curies":[{"name":"wp","href":"https:\/\/api.w.org\/{rel}","templated":true}]}}