{"id":1035,"date":"2023-04-02T15:16:41","date_gmt":"2023-04-02T18:16:41","guid":{"rendered":"https:\/\/idihcs.fahce.unlp.edu.ar\/ceil\/?page_id=1035"},"modified":"2023-04-02T15:40:05","modified_gmt":"2023-04-02T18:40:05","slug":"serie-lenguagrafias","status":"publish","type":"page","link":"https:\/\/idihcs.fahce.unlp.edu.ar\/ceil\/formacion-y-divulgacion-cientifica\/serie-lenguagrafias\/","title":{"rendered":"Serie Lenguagraf\u00edas"},"content":{"rendered":"\n<p>Esta serie de infograf\u00edas producidas por los investigadores del centro de estudios tiene como fin dar a conocer sus temas de investigaci\u00f3n bajo un formato alternativo a los del discurso cient\u00edfico-acad\u00e9mico. Se pueden descargar en formato JPG desde este sitio y PDF desde el repositorio institucional <a href=\"http:\/\/www.memoria.fahce.unlp.edu.ar\/memoria\">Memoria Acad\u00e9mica<\/a>.<\/p>\n\n\n\n<p><strong>Lenguagraf\u00edas 1: Variaci\u00f3n ling\u00fc\u00edstica<\/strong> (Autor: Lucas Gagliardi)<\/p>\n\n\n\n<p><a href=\"http:\/\/idihcs.fahce.unlp.edu.ar\/ceil\/wp-content\/uploads\/sites\/8\/2020\/09\/Infograf%C3%ADa-1-2.jpg\">Descargar en JPG<\/a> | <a href=\"http:\/\/www.memoria.fahce.unlp.edu.ar\/libros\/pm.1744\/pm.1744.pdf\">Descargar en PDF<\/a><\/p>\n\n\n\n<p><strong>Lenguagraf\u00edas 2: Ling\u00fc\u00edstica y migraci\u00f3n<\/strong>&nbsp;(Autora: Dolores \u00c1lvarez Garriga)<\/p>\n\n\n\n<p><a href=\"http:\/\/idihcs.fahce.unlp.edu.ar\/ceil\/wp-content\/uploads\/sites\/8\/2020\/09\/Infograf%C3%ADa-2.jpg\">Descargar en JPG<\/a> | <a href=\"http:\/\/www.memoria.fahce.unlp.edu.ar\/libros\/pm.1745\/pm.1745.pdf\">Descargar en PDF<\/a><\/p>\n\n\n\n<p><strong>Lenguagraf\u00edas 3: Expansi\u00f3n del significado en ingl\u00e9s: &#8220;run&#8221;<\/strong>&nbsp;(Autor: Jos\u00e9 Mar\u00eda Oliver)<\/p>\n\n\n\n<p><a href=\"http:\/\/idihcs.fahce.unlp.edu.ar\/ceil\/wp-content\/uploads\/sites\/8\/2020\/09\/Infograf%C3%ADa-3.jpg\">Descargar en JPG<\/a> | <a href=\"http:\/\/www.memoria.fahce.unlp.edu.ar\/libros\/pm.1746\/pm.1746.pdf\">Descargar en PDF<\/a><\/p>\n\n\n\n<p><strong>Lenguagraf\u00edas 4: Reflexi\u00f3n y activaci\u00f3n en la ense\u00f1anza-aprendizaje de lengua<\/strong>&nbsp;(Autora: Rosana Pascual)<\/p>\n\n\n\n<p><a href=\"http:\/\/idihcs.fahce.unlp.edu.ar\/ceil\/wp-content\/uploads\/sites\/8\/2020\/09\/Infograf%C3%ADa-4.jpg\">Descargar en JPG<\/a> | <a href=\"http:\/\/www.memoria.fahce.unlp.edu.ar\/libros\/pm.1747\/pm.1747.pdf\">Descargar en PDF<\/a><\/p>\n\n\n\n<p><strong>Lenguagraf\u00edas 5: Recategorizaci\u00f3n de relativos&nbsp;<\/strong>(Autores: Daniel Romero y Rosana Pascual)<\/p>\n\n\n\n<p><a href=\"http:\/\/idihcs.fahce.unlp.edu.ar\/ceil\/wp-content\/uploads\/sites\/8\/2020\/09\/Infograf\u00eda-5a.jpg\">Descargar en JPG<\/a> | <a href=\"http:\/\/www.memoria.fahce.unlp.edu.ar\/libros\/pm.1748\/pm.1748.pdf\">Descargar en PDF<\/a><\/p>\n\n\n\n<p><strong>Lenguagraf\u00edas 6: Interculturalidad, ling\u00fc\u00edstica y educaci\u00f3n<\/strong>&nbsp;(Autora: Adriana Speranza)<\/p>\n\n\n\n<p><a href=\"http:\/\/idihcs.fahce.unlp.edu.ar\/ceil\/wp-content\/uploads\/sites\/8\/2020\/09\/Infograf%C3%ADa-6.jpg\">Descargar en JPG<\/a> | <a href=\"http:\/\/www.memoria.fahce.unlp.edu.ar\/libros\/pm.1749\/pm.1749.pdf\">Descargar en PDF<\/a><\/p>\n\n\n\n<p><strong>Lenguagraf\u00edas 7: Decolonizar el curr\u00edculum de formaci\u00f3n del Profesorado en Ingl\u00e9s<\/strong>&nbsp;(Autora: Graciela Baum)<\/p>\n\n\n\n<p><a href=\"http:\/\/idihcs.fahce.unlp.edu.ar\/ceil\/wp-content\/uploads\/sites\/8\/2021\/10\/Infograf\u00eda-7-1.jpg\">Descargar en JPG<\/a> | <a href=\"http:\/\/idihcs.fahce.unlp.edu.ar\/ceil\/wp-content\/uploads\/sites\/8\/2021\/10\/Infograf\u00eda-7.pdf\">Descargar en PDF<\/a><\/p>\n\n\n\n<p><strong>Lenguagraf\u00edas 8:&nbsp;Activaci\u00f3n\/reflexi\u00f3n en la ense\u00f1anza\/aprendizaje de L2.<\/strong>&nbsp;(Autor: Jos\u00e9 Mar\u00eda Oliver)<\/p>\n\n\n\n<p><a href=\"http:\/\/idihcs.fahce.unlp.edu.ar\/ceil\/wp-content\/uploads\/sites\/8\/2021\/12\/Infografia-8.png\">Descargar en JPG<\/a> | <a href=\"https:\/\/www.memoria.fahce.unlp.edu.ar\/libros\/pm.4848\/pm.4848.pdf\">Descargar en PDF<\/a><\/p>\n\n\n\n<p><strong>Lenguagraf\u00edas 9: Lenguaje inclusivo: la cultura en la gram\u00e1tica <\/strong>(Autoras: Luc\u00eda Zanfardini y Angelita Mart\u00ednez<\/p>\n\n\n\n<p><a href=\"https:\/\/idihcs.fahce.unlp.edu.ar\/ceil\/wp-content\/uploads\/sites\/8\/2022\/06\/Infografia-9..png\">Descargar en JPG<\/a> | <a href=\"https:\/\/drive.google.com\/file\/d\/1oCrYgOZJvZ5HLXOTaDZ7mZrZxjXAbaSD\/view?usp=sharing\">Descargar en PDF<\/a><\/p>\n\n\n\n<p><strong>Lenguagraf\u00edas 9: Las voces del ingl\u00e9s (Autora: Marina Grasso)<\/strong><\/p>\n\n\n\n<p><a href=\"https:\/\/drive.google.com\/file\/d\/1d0QE4OnZgJ5SzeOqCnc4nv4yhuxCyX8E\/view?usp=sharing\">Descargar en JPG<\/a> | <a href=\"https:\/\/drive.google.com\/file\/d\/19hBlcNyePaDsJHprlGvsIr0U8hhoF2mv\/view?usp=sharing\">Descargar en PDF<\/a><\/p>\n\n\n\n<p><\/p>\n\n\n\n<div class=\"wp-block-columns is-layout-flex wp-container-core-columns-is-layout-9d6595d7 wp-block-columns-is-layout-flex\">\n<div class=\"wp-block-column is-vertically-aligned-center is-layout-flow wp-block-column-is-layout-flow\" style=\"flex-basis:100%\">\n<figure class=\"wp-block-gallery has-nested-images columns-3 wp-block-gallery-1 is-layout-flex wp-block-gallery-is-layout-flex\">\n<figure class=\"wp-block-image size-medium\"><img loading=\"lazy\" decoding=\"async\" width=\"300\" height=\"212\" data-id=\"543\" src=\"https:\/\/idihcs.fahce.unlp.edu.ar\/ceil\/wp-content\/uploads\/sites\/8\/2020\/09\/Infograf\u00eda-1-2-300x212.jpg\" alt=\"\" class=\"wp-image-543\" srcset=\"https:\/\/idihcs.fahce.unlp.edu.ar\/ceil\/wp-content\/uploads\/sites\/8\/2020\/09\/Infograf\u00eda-1-2-300x212.jpg 300w, https:\/\/idihcs.fahce.unlp.edu.ar\/ceil\/wp-content\/uploads\/sites\/8\/2020\/09\/Infograf\u00eda-1-2-768x543.jpg 768w, https:\/\/idihcs.fahce.unlp.edu.ar\/ceil\/wp-content\/uploads\/sites\/8\/2020\/09\/Infograf\u00eda-1-2-1024x724.jpg 1024w, https:\/\/idihcs.fahce.unlp.edu.ar\/ceil\/wp-content\/uploads\/sites\/8\/2020\/09\/Infograf\u00eda-1-2-100x70.jpg 100w, https:\/\/idihcs.fahce.unlp.edu.ar\/ceil\/wp-content\/uploads\/sites\/8\/2020\/09\/Infograf\u00eda-1-2-696x492.jpg 696w, https:\/\/idihcs.fahce.unlp.edu.ar\/ceil\/wp-content\/uploads\/sites\/8\/2020\/09\/Infograf\u00eda-1-2-1068x755.jpg 1068w, https:\/\/idihcs.fahce.unlp.edu.ar\/ceil\/wp-content\/uploads\/sites\/8\/2020\/09\/Infograf\u00eda-1-2-594x420.jpg 594w, https:\/\/idihcs.fahce.unlp.edu.ar\/ceil\/wp-content\/uploads\/sites\/8\/2020\/09\/Infograf\u00eda-1-2-1920x1358.jpg 1920w\" sizes=\"auto, (max-width: 300px) 100vw, 300px\" \/><figcaption class=\"wp-element-caption\">Colecci\u00f3n Lenguagraf\u00edas (CEIL-IdIHCS)<\/figcaption><\/figure>\n\n\n\n<figure class=\"wp-block-image size-medium\"><img loading=\"lazy\" decoding=\"async\" width=\"300\" height=\"212\" data-id=\"544\" src=\"https:\/\/idihcs.fahce.unlp.edu.ar\/ceil\/wp-content\/uploads\/sites\/8\/2020\/09\/Infograf\u00eda-2-300x212.jpg\" alt=\"\" class=\"wp-image-544\" srcset=\"https:\/\/idihcs.fahce.unlp.edu.ar\/ceil\/wp-content\/uploads\/sites\/8\/2020\/09\/Infograf\u00eda-2-300x212.jpg 300w, https:\/\/idihcs.fahce.unlp.edu.ar\/ceil\/wp-content\/uploads\/sites\/8\/2020\/09\/Infograf\u00eda-2-768x543.jpg 768w, https:\/\/idihcs.fahce.unlp.edu.ar\/ceil\/wp-content\/uploads\/sites\/8\/2020\/09\/Infograf\u00eda-2-1024x724.jpg 1024w, https:\/\/idihcs.fahce.unlp.edu.ar\/ceil\/wp-content\/uploads\/sites\/8\/2020\/09\/Infograf\u00eda-2-100x70.jpg 100w, https:\/\/idihcs.fahce.unlp.edu.ar\/ceil\/wp-content\/uploads\/sites\/8\/2020\/09\/Infograf\u00eda-2-696x492.jpg 696w, https:\/\/idihcs.fahce.unlp.edu.ar\/ceil\/wp-content\/uploads\/sites\/8\/2020\/09\/Infograf\u00eda-2-1068x755.jpg 1068w, https:\/\/idihcs.fahce.unlp.edu.ar\/ceil\/wp-content\/uploads\/sites\/8\/2020\/09\/Infograf\u00eda-2-594x420.jpg 594w, https:\/\/idihcs.fahce.unlp.edu.ar\/ceil\/wp-content\/uploads\/sites\/8\/2020\/09\/Infograf\u00eda-2-1920x1358.jpg 1920w\" sizes=\"auto, (max-width: 300px) 100vw, 300px\" \/><figcaption class=\"wp-element-caption\">Colecci\u00f3n Lenguagraf\u00edas (CEIL-IdIHCS)<\/figcaption><\/figure>\n\n\n\n<figure class=\"wp-block-image size-medium is-style-default\"><img loading=\"lazy\" decoding=\"async\" width=\"212\" height=\"300\" data-id=\"537\" src=\"https:\/\/idihcs.fahce.unlp.edu.ar\/ceil\/wp-content\/uploads\/sites\/8\/2020\/09\/Infograf\u00eda-3-212x300.jpg\" alt=\"\" class=\"wp-image-537\" srcset=\"https:\/\/idihcs.fahce.unlp.edu.ar\/ceil\/wp-content\/uploads\/sites\/8\/2020\/09\/Infograf\u00eda-3-212x300.jpg 212w, https:\/\/idihcs.fahce.unlp.edu.ar\/ceil\/wp-content\/uploads\/sites\/8\/2020\/09\/Infograf\u00eda-3-768x1086.jpg 768w, https:\/\/idihcs.fahce.unlp.edu.ar\/ceil\/wp-content\/uploads\/sites\/8\/2020\/09\/Infograf\u00eda-3-724x1024.jpg 724w, https:\/\/idihcs.fahce.unlp.edu.ar\/ceil\/wp-content\/uploads\/sites\/8\/2020\/09\/Infograf\u00eda-3-696x984.jpg 696w, https:\/\/idihcs.fahce.unlp.edu.ar\/ceil\/wp-content\/uploads\/sites\/8\/2020\/09\/Infograf\u00eda-3-1068x1510.jpg 1068w, https:\/\/idihcs.fahce.unlp.edu.ar\/ceil\/wp-content\/uploads\/sites\/8\/2020\/09\/Infograf\u00eda-3-297x420.jpg 297w, https:\/\/idihcs.fahce.unlp.edu.ar\/ceil\/wp-content\/uploads\/sites\/8\/2020\/09\/Infograf\u00eda-3-1920x2715.jpg 1920w\" sizes=\"auto, (max-width: 212px) 100vw, 212px\" \/><\/figure>\n\n\n\n<figure class=\"wp-block-image size-medium\"><img loading=\"lazy\" decoding=\"async\" width=\"300\" height=\"212\" data-id=\"538\" src=\"https:\/\/idihcs.fahce.unlp.edu.ar\/ceil\/wp-content\/uploads\/sites\/8\/2020\/09\/Infograf\u00eda-4-300x212.jpg\" alt=\"\" class=\"wp-image-538\" srcset=\"https:\/\/idihcs.fahce.unlp.edu.ar\/ceil\/wp-content\/uploads\/sites\/8\/2020\/09\/Infograf\u00eda-4-300x212.jpg 300w, https:\/\/idihcs.fahce.unlp.edu.ar\/ceil\/wp-content\/uploads\/sites\/8\/2020\/09\/Infograf\u00eda-4-768x543.jpg 768w, https:\/\/idihcs.fahce.unlp.edu.ar\/ceil\/wp-content\/uploads\/sites\/8\/2020\/09\/Infograf\u00eda-4-1024x724.jpg 1024w, https:\/\/idihcs.fahce.unlp.edu.ar\/ceil\/wp-content\/uploads\/sites\/8\/2020\/09\/Infograf\u00eda-4-100x70.jpg 100w, https:\/\/idihcs.fahce.unlp.edu.ar\/ceil\/wp-content\/uploads\/sites\/8\/2020\/09\/Infograf\u00eda-4-696x492.jpg 696w, https:\/\/idihcs.fahce.unlp.edu.ar\/ceil\/wp-content\/uploads\/sites\/8\/2020\/09\/Infograf\u00eda-4-1068x755.jpg 1068w, https:\/\/idihcs.fahce.unlp.edu.ar\/ceil\/wp-content\/uploads\/sites\/8\/2020\/09\/Infograf\u00eda-4-594x420.jpg 594w, https:\/\/idihcs.fahce.unlp.edu.ar\/ceil\/wp-content\/uploads\/sites\/8\/2020\/09\/Infograf\u00eda-4-1920x1358.jpg 1920w\" sizes=\"auto, (max-width: 300px) 100vw, 300px\" \/><figcaption class=\"wp-element-caption\">Colecci\u00f3n Lenguagraf\u00edas (CEIL-IdIHCS)<\/figcaption><\/figure>\n\n\n\n<figure class=\"wp-block-image size-medium\"><img loading=\"lazy\" decoding=\"async\" width=\"212\" height=\"300\" data-id=\"539\" src=\"https:\/\/idihcs.fahce.unlp.edu.ar\/ceil\/wp-content\/uploads\/sites\/8\/2020\/09\/Infograf\u00eda-5a-212x300.jpg\" alt=\"\" class=\"wp-image-539\" srcset=\"https:\/\/idihcs.fahce.unlp.edu.ar\/ceil\/wp-content\/uploads\/sites\/8\/2020\/09\/Infograf\u00eda-5a-212x300.jpg 212w, https:\/\/idihcs.fahce.unlp.edu.ar\/ceil\/wp-content\/uploads\/sites\/8\/2020\/09\/Infograf\u00eda-5a-768x1086.jpg 768w, https:\/\/idihcs.fahce.unlp.edu.ar\/ceil\/wp-content\/uploads\/sites\/8\/2020\/09\/Infograf\u00eda-5a-724x1024.jpg 724w, https:\/\/idihcs.fahce.unlp.edu.ar\/ceil\/wp-content\/uploads\/sites\/8\/2020\/09\/Infograf\u00eda-5a-696x984.jpg 696w, https:\/\/idihcs.fahce.unlp.edu.ar\/ceil\/wp-content\/uploads\/sites\/8\/2020\/09\/Infograf\u00eda-5a-1068x1510.jpg 1068w, https:\/\/idihcs.fahce.unlp.edu.ar\/ceil\/wp-content\/uploads\/sites\/8\/2020\/09\/Infograf\u00eda-5a-297x420.jpg 297w, https:\/\/idihcs.fahce.unlp.edu.ar\/ceil\/wp-content\/uploads\/sites\/8\/2020\/09\/Infograf\u00eda-5a-1920x2715.jpg 1920w\" sizes=\"auto, (max-width: 212px) 100vw, 212px\" \/><figcaption class=\"wp-element-caption\">Colecci\u00f3n Lenguagraf\u00edas (CEIL-IdIHCS)<\/figcaption><\/figure>\n\n\n\n<figure class=\"wp-block-image size-medium\"><img loading=\"lazy\" decoding=\"async\" width=\"300\" height=\"212\" data-id=\"540\" src=\"https:\/\/idihcs.fahce.unlp.edu.ar\/ceil\/wp-content\/uploads\/sites\/8\/2020\/09\/Infograf\u00eda-6-300x212.jpg\" alt=\"\" class=\"wp-image-540\" srcset=\"https:\/\/idihcs.fahce.unlp.edu.ar\/ceil\/wp-content\/uploads\/sites\/8\/2020\/09\/Infograf\u00eda-6-300x212.jpg 300w, https:\/\/idihcs.fahce.unlp.edu.ar\/ceil\/wp-content\/uploads\/sites\/8\/2020\/09\/Infograf\u00eda-6-768x543.jpg 768w, https:\/\/idihcs.fahce.unlp.edu.ar\/ceil\/wp-content\/uploads\/sites\/8\/2020\/09\/Infograf\u00eda-6-1024x724.jpg 1024w, https:\/\/idihcs.fahce.unlp.edu.ar\/ceil\/wp-content\/uploads\/sites\/8\/2020\/09\/Infograf\u00eda-6-100x70.jpg 100w, https:\/\/idihcs.fahce.unlp.edu.ar\/ceil\/wp-content\/uploads\/sites\/8\/2020\/09\/Infograf\u00eda-6-696x492.jpg 696w, https:\/\/idihcs.fahce.unlp.edu.ar\/ceil\/wp-content\/uploads\/sites\/8\/2020\/09\/Infograf\u00eda-6-1068x755.jpg 1068w, https:\/\/idihcs.fahce.unlp.edu.ar\/ceil\/wp-content\/uploads\/sites\/8\/2020\/09\/Infograf\u00eda-6-594x420.jpg 594w, https:\/\/idihcs.fahce.unlp.edu.ar\/ceil\/wp-content\/uploads\/sites\/8\/2020\/09\/Infograf\u00eda-6-1920x1358.jpg 1920w\" sizes=\"auto, (max-width: 300px) 100vw, 300px\" \/><figcaption class=\"wp-element-caption\">Colecci\u00f3n Lenguagraf\u00edas (CEIL-IdIHCS)<\/figcaption><\/figure>\n\n\n\n<figure class=\"wp-block-image size-medium\"><img loading=\"lazy\" decoding=\"async\" width=\"300\" height=\"212\" data-id=\"638\" src=\"https:\/\/idihcs.fahce.unlp.edu.ar\/ceil\/wp-content\/uploads\/sites\/8\/2021\/10\/Infograf\u00eda-7-1-300x212.jpg\" alt=\"\" class=\"wp-image-638\" srcset=\"https:\/\/idihcs.fahce.unlp.edu.ar\/ceil\/wp-content\/uploads\/sites\/8\/2021\/10\/Infograf\u00eda-7-1-300x212.jpg 300w, https:\/\/idihcs.fahce.unlp.edu.ar\/ceil\/wp-content\/uploads\/sites\/8\/2021\/10\/Infograf\u00eda-7-1-768x543.jpg 768w, https:\/\/idihcs.fahce.unlp.edu.ar\/ceil\/wp-content\/uploads\/sites\/8\/2021\/10\/Infograf\u00eda-7-1-1024x724.jpg 1024w, https:\/\/idihcs.fahce.unlp.edu.ar\/ceil\/wp-content\/uploads\/sites\/8\/2021\/10\/Infograf\u00eda-7-1-100x70.jpg 100w, https:\/\/idihcs.fahce.unlp.edu.ar\/ceil\/wp-content\/uploads\/sites\/8\/2021\/10\/Infograf\u00eda-7-1-696x492.jpg 696w, https:\/\/idihcs.fahce.unlp.edu.ar\/ceil\/wp-content\/uploads\/sites\/8\/2021\/10\/Infograf\u00eda-7-1-1068x755.jpg 1068w, https:\/\/idihcs.fahce.unlp.edu.ar\/ceil\/wp-content\/uploads\/sites\/8\/2021\/10\/Infograf\u00eda-7-1-594x420.jpg 594w, https:\/\/idihcs.fahce.unlp.edu.ar\/ceil\/wp-content\/uploads\/sites\/8\/2021\/10\/Infograf\u00eda-7-1-1920x1358.jpg 1920w\" sizes=\"auto, (max-width: 300px) 100vw, 300px\" \/><\/figure>\n\n\n\n<figure class=\"wp-block-image size-medium\"><img loading=\"lazy\" decoding=\"async\" width=\"213\" height=\"300\" data-id=\"642\" src=\"https:\/\/idihcs.fahce.unlp.edu.ar\/ceil\/wp-content\/uploads\/sites\/8\/2021\/12\/Infografia-8-213x300.png\" alt=\"\" class=\"wp-image-642\" srcset=\"https:\/\/idihcs.fahce.unlp.edu.ar\/ceil\/wp-content\/uploads\/sites\/8\/2021\/12\/Infografia-8-213x300.png 213w, https:\/\/idihcs.fahce.unlp.edu.ar\/ceil\/wp-content\/uploads\/sites\/8\/2021\/12\/Infografia-8-768x1083.png 768w, https:\/\/idihcs.fahce.unlp.edu.ar\/ceil\/wp-content\/uploads\/sites\/8\/2021\/12\/Infografia-8-726x1024.png 726w, https:\/\/idihcs.fahce.unlp.edu.ar\/ceil\/wp-content\/uploads\/sites\/8\/2021\/12\/Infografia-8-696x981.png 696w, https:\/\/idihcs.fahce.unlp.edu.ar\/ceil\/wp-content\/uploads\/sites\/8\/2021\/12\/Infografia-8-1068x1506.png 1068w, https:\/\/idihcs.fahce.unlp.edu.ar\/ceil\/wp-content\/uploads\/sites\/8\/2021\/12\/Infografia-8-298x420.png 298w, https:\/\/idihcs.fahce.unlp.edu.ar\/ceil\/wp-content\/uploads\/sites\/8\/2021\/12\/Infografia-8-1920x2707.png 1920w\" sizes=\"auto, (max-width: 213px) 100vw, 213px\" \/><\/figure>\n\n\n\n<figure class=\"wp-block-image size-medium\"><img loading=\"lazy\" decoding=\"async\" width=\"212\" height=\"300\" data-id=\"852\" src=\"https:\/\/idihcs.fahce.unlp.edu.ar\/ceil\/wp-content\/uploads\/sites\/8\/2022\/06\/Infografia-9.-212x300.png\" alt=\"\" class=\"wp-image-852\" srcset=\"https:\/\/idihcs.fahce.unlp.edu.ar\/ceil\/wp-content\/uploads\/sites\/8\/2022\/06\/Infografia-9.-212x300.png 212w, https:\/\/idihcs.fahce.unlp.edu.ar\/ceil\/wp-content\/uploads\/sites\/8\/2022\/06\/Infografia-9.-724x1024.png 724w, https:\/\/idihcs.fahce.unlp.edu.ar\/ceil\/wp-content\/uploads\/sites\/8\/2022\/06\/Infografia-9.-768x1086.png 768w, https:\/\/idihcs.fahce.unlp.edu.ar\/ceil\/wp-content\/uploads\/sites\/8\/2022\/06\/Infografia-9.-1087x1536.png 1087w, https:\/\/idihcs.fahce.unlp.edu.ar\/ceil\/wp-content\/uploads\/sites\/8\/2022\/06\/Infografia-9.-696x984.png 696w, https:\/\/idihcs.fahce.unlp.edu.ar\/ceil\/wp-content\/uploads\/sites\/8\/2022\/06\/Infografia-9.-1068x1510.png 1068w, https:\/\/idihcs.fahce.unlp.edu.ar\/ceil\/wp-content\/uploads\/sites\/8\/2022\/06\/Infografia-9.-297x420.png 297w, https:\/\/idihcs.fahce.unlp.edu.ar\/ceil\/wp-content\/uploads\/sites\/8\/2022\/06\/Infografia-9..png 1170w\" sizes=\"auto, (max-width: 212px) 100vw, 212px\" \/><\/figure>\n<\/figure>\n<\/div>\n<\/div>\n\n\n\n<p class=\"has-text-align-center\"><em>Galer\u00eda de la serie Lenguagraf\u00edas<\/em><\/p>\n\n\n\n<p><\/p>\n\n\n\n<p><\/p>\n\n\n\n<p><\/p>\n","protected":false},"excerpt":{"rendered":"<p>Esta serie de infograf\u00edas producidas por los investigadores del centro de estudios tiene como fin dar a conocer sus temas de investigaci\u00f3n bajo un formato alternativo a los del discurso cient\u00edfico-acad\u00e9mico. Se pueden descargar en formato JPG desde este sitio y PDF desde el repositorio institucional Memoria Acad\u00e9mica. Lenguagraf\u00edas 1: Variaci\u00f3n ling\u00fc\u00edstica (Autor: Lucas Gagliardi) [&hellip;]<\/p>\n","protected":false},"author":14,"featured_media":0,"parent":757,"menu_order":2,"comment_status":"closed","ping_status":"closed","template":"page-ui.php","meta":{"_themeisle_gutenberg_block_has_review":false,"footnotes":""},"class_list":["post-1035","page","type-page","status-publish","hentry"],"acf":[],"rttpg_featured_image_url":null,"rttpg_author":{"display_name":"ceil","author_link":"https:\/\/idihcs.fahce.unlp.edu.ar\/ceil\/author\/ceil\/"},"rttpg_comment":0,"rttpg_category":null,"rttpg_excerpt":"Esta serie de infograf\u00edas producidas por los investigadores del centro de estudios tiene como fin dar a conocer sus temas de investigaci\u00f3n bajo un formato alternativo a los del discurso cient\u00edfico-acad\u00e9mico. Se pueden descargar en formato JPG desde este sitio y PDF desde el repositorio institucional Memoria Acad\u00e9mica. Lenguagraf\u00edas 1: Variaci\u00f3n ling\u00fc\u00edstica (Autor: Lucas Gagliardi)&hellip;","_links":{"self":[{"href":"https:\/\/idihcs.fahce.unlp.edu.ar\/ceil\/wp-json\/wp\/v2\/pages\/1035","targetHints":{"allow":["GET"]}}],"collection":[{"href":"https:\/\/idihcs.fahce.unlp.edu.ar\/ceil\/wp-json\/wp\/v2\/pages"}],"about":[{"href":"https:\/\/idihcs.fahce.unlp.edu.ar\/ceil\/wp-json\/wp\/v2\/types\/page"}],"author":[{"embeddable":true,"href":"https:\/\/idihcs.fahce.unlp.edu.ar\/ceil\/wp-json\/wp\/v2\/users\/14"}],"replies":[{"embeddable":true,"href":"https:\/\/idihcs.fahce.unlp.edu.ar\/ceil\/wp-json\/wp\/v2\/comments?post=1035"}],"version-history":[{"count":9,"href":"https:\/\/idihcs.fahce.unlp.edu.ar\/ceil\/wp-json\/wp\/v2\/pages\/1035\/revisions"}],"predecessor-version":[{"id":1555,"href":"https:\/\/idihcs.fahce.unlp.edu.ar\/ceil\/wp-json\/wp\/v2\/pages\/1035\/revisions\/1555"}],"up":[{"embeddable":true,"href":"https:\/\/idihcs.fahce.unlp.edu.ar\/ceil\/wp-json\/wp\/v2\/pages\/757"}],"wp:attachment":[{"href":"https:\/\/idihcs.fahce.unlp.edu.ar\/ceil\/wp-json\/wp\/v2\/media?parent=1035"}],"curies":[{"name":"wp","href":"https:\/\/api.w.org\/{rel}","templated":true}]}}